{"id":7908,"date":"2022-01-10T19:35:14","date_gmt":"2022-01-10T19:35:14","guid":{"rendered":"https:\/\/virgendelremedioutiel.com\/?page_id=7908"},"modified":"2023-03-31T20:39:21","modified_gmt":"2023-03-31T20:39:21","slug":"romerias","status":"publish","type":"page","link":"https:\/\/virgendelremedioutiel.com\/?page_id=7908","title":{"rendered":"Romer\u00edas"},"content":{"rendered":"\t\t<div data-elementor-type=\"wp-page\" data-elementor-id=\"7908\" class=\"elementor elementor-7908\" data-elementor-post-type=\"page\">\n\t\t\t\t\t\t<section class=\"elementor-section elementor-top-section elementor-element elementor-element-9025454 elementor-section-stretched elementor-section-boxed elementor-section-height-default elementor-section-height-default\" data-id=\"9025454\" data-element_type=\"section\" data-settings=\"{&quot;stretch_section&quot;:&quot;section-stretched&quot;}\">\n\t\t\t\t\t\t<div class=\"elementor-container elementor-column-gap-default\">\n\t\t\t\t\t<div class=\"elementor-column elementor-col-20 elementor-top-column elementor-element elementor-element-63eac5f\" data-id=\"63eac5f\" data-element_type=\"column\">\n\t\t\t<div class=\"elementor-widget-wrap elementor-element-populated\">\n\t\t\t\t\t\t<div class=\"elementor-element elementor-element-eab0c83 elementor-align-center elementor-widget elementor-widget-button\" data-id=\"eab0c83\" data-element_type=\"widget\" data-widget_type=\"button.default\">\n\t\t\t\t<div class=\"elementor-widget-container\">\n\t\t\t\t\t<div class=\"elementor-button-wrapper\">\n\t\t\t<a class=\"elementor-button elementor-button-link elementor-size-md\" href=\"https:\/\/virgendelremedioutiel.com\/?page_id=150\">\n\t\t\t\t\t\t<span class=\"elementor-button-content-wrapper\">\n\t\t\t\t\t\t<span class=\"elementor-button-icon elementor-align-icon-left\">\n\t\t\t\t<i aria-hidden=\"true\" class=\"fas fa-church\"><\/i>\t\t\t<\/span>\n\t\t\t\t\t\t<span class=\"elementor-button-text\">Historia de la Devoci\u00f3n<\/span>\n\t\t<\/span>\n\t\t\t\t\t<\/a>\n\t\t<\/div>\n\t\t\t\t<\/div>\n\t\t\t\t<\/div>\n\t\t\t\t\t<\/div>\n\t\t<\/div>\n\t\t\t\t<div class=\"elementor-column elementor-col-20 elementor-top-column elementor-element elementor-element-1c19c32\" data-id=\"1c19c32\" data-element_type=\"column\">\n\t\t\t<div class=\"elementor-widget-wrap elementor-element-populated\">\n\t\t\t\t\t\t<div class=\"elementor-element elementor-element-18dba1d elementor-align-center elementor-widget elementor-widget-button\" data-id=\"18dba1d\" data-element_type=\"widget\" data-widget_type=\"button.default\">\n\t\t\t\t<div class=\"elementor-widget-container\">\n\t\t\t\t\t<div class=\"elementor-button-wrapper\">\n\t\t\t<a class=\"elementor-button elementor-button-link elementor-size-md elementor-animation-grow\" href=\"https:\/\/virgendelremedioutiel.com\/?page_id=397\">\n\t\t\t\t\t\t<span class=\"elementor-button-content-wrapper\">\n\t\t\t\t\t\t<span class=\"elementor-button-icon elementor-align-icon-left\">\n\t\t\t\t<i aria-hidden=\"true\" class=\"fas fa-church\"><\/i>\t\t\t<\/span>\n\t\t\t\t\t\t<span class=\"elementor-button-text\">Arte e Iconograf\u00eda<\/span>\n\t\t<\/span>\n\t\t\t\t\t<\/a>\n\t\t<\/div>\n\t\t\t\t<\/div>\n\t\t\t\t<\/div>\n\t\t\t\t\t<\/div>\n\t\t<\/div>\n\t\t\t\t<div class=\"elementor-column elementor-col-20 elementor-top-column elementor-element elementor-element-8caeab1\" data-id=\"8caeab1\" data-element_type=\"column\">\n\t\t\t<div class=\"elementor-widget-wrap elementor-element-populated\">\n\t\t\t\t\t\t<div class=\"elementor-element elementor-element-f2123ac elementor-align-center elementor-widget elementor-widget-button\" data-id=\"f2123ac\" data-element_type=\"widget\" data-widget_type=\"button.default\">\n\t\t\t\t<div class=\"elementor-widget-container\">\n\t\t\t\t\t<div class=\"elementor-button-wrapper\">\n\t\t\t<a class=\"elementor-button elementor-button-link elementor-size-md elementor-animation-grow\" href=\"https:\/\/virgendelremedioutiel.com\/?page_id=8513\">\n\t\t\t\t\t\t<span class=\"elementor-button-content-wrapper\">\n\t\t\t\t\t\t<span class=\"elementor-button-icon elementor-align-icon-left\">\n\t\t\t\t<i aria-hidden=\"true\" class=\"fas fa-church\"><\/i>\t\t\t<\/span>\n\t\t\t\t\t\t<span class=\"elementor-button-text\">Capillas y Hornacinas<\/span>\n\t\t<\/span>\n\t\t\t\t\t<\/a>\n\t\t<\/div>\n\t\t\t\t<\/div>\n\t\t\t\t<\/div>\n\t\t\t\t\t<\/div>\n\t\t<\/div>\n\t\t\t\t<div class=\"elementor-column elementor-col-20 elementor-top-column elementor-element elementor-element-99e637c\" data-id=\"99e637c\" data-element_type=\"column\">\n\t\t\t<div class=\"elementor-widget-wrap elementor-element-populated\">\n\t\t\t\t\t\t<div class=\"elementor-element elementor-element-0f50aac elementor-align-center elementor-widget elementor-widget-button\" data-id=\"0f50aac\" data-element_type=\"widget\" data-widget_type=\"button.default\">\n\t\t\t\t<div class=\"elementor-widget-container\">\n\t\t\t\t\t<div class=\"elementor-button-wrapper\">\n\t\t\t<a class=\"elementor-button elementor-button-link elementor-size-md elementor-animation-grow\" href=\"https:\/\/virgendelremedioutiel.com\/?page_id=7701\">\n\t\t\t\t\t\t<span class=\"elementor-button-content-wrapper\">\n\t\t\t\t\t\t<span class=\"elementor-button-icon elementor-align-icon-left\">\n\t\t\t\t<i aria-hidden=\"true\" class=\"fas fa-church\"><\/i>\t\t\t<\/span>\n\t\t\t\t\t\t<span class=\"elementor-button-text\">Patronazgo y Coronaci\u00f3n<\/span>\n\t\t<\/span>\n\t\t\t\t\t<\/a>\n\t\t<\/div>\n\t\t\t\t<\/div>\n\t\t\t\t<\/div>\n\t\t\t\t\t<\/div>\n\t\t<\/div>\n\t\t\t\t<div class=\"elementor-column elementor-col-20 elementor-top-column elementor-element elementor-element-4e72dfb\" data-id=\"4e72dfb\" data-element_type=\"column\">\n\t\t\t<div class=\"elementor-widget-wrap elementor-element-populated\">\n\t\t\t\t\t\t<div class=\"elementor-element elementor-element-f520eb6 elementor-align-center elementor-widget elementor-widget-button\" data-id=\"f520eb6\" data-element_type=\"widget\" data-widget_type=\"button.default\">\n\t\t\t\t<div class=\"elementor-widget-container\">\n\t\t\t\t\t<div class=\"elementor-button-wrapper\">\n\t\t\t<a class=\"elementor-button elementor-button-link elementor-size-md elementor-animation-grow\" href=\"https:\/\/virgendelremedioutiel.com\/?page_id=8274\">\n\t\t\t\t\t\t<span class=\"elementor-button-content-wrapper\">\n\t\t\t\t\t\t<span class=\"elementor-button-icon elementor-align-icon-left\">\n\t\t\t\t<i aria-hidden=\"true\" class=\"fas fa-church\"><\/i>\t\t\t<\/span>\n\t\t\t\t\t\t<span class=\"elementor-button-text\">Fiestas Patronales<\/span>\n\t\t<\/span>\n\t\t\t\t\t<\/a>\n\t\t<\/div>\n\t\t\t\t<\/div>\n\t\t\t\t<\/div>\n\t\t\t\t\t<\/div>\n\t\t<\/div>\n\t\t\t\t\t<\/div>\n\t\t<\/section>\n\t\t\t\t<section class=\"elementor-section elementor-top-section elementor-element elementor-element-04fc40c elementor-section-stretched elementor-section-boxed elementor-section-height-default elementor-section-height-default\" data-id=\"04fc40c\" data-element_type=\"section\" data-settings=\"{&quot;stretch_section&quot;:&quot;section-stretched&quot;}\">\n\t\t\t\t\t\t<div class=\"elementor-container elementor-column-gap-default\">\n\t\t\t\t\t<div class=\"elementor-column elementor-col-25 elementor-top-column elementor-element elementor-element-89559a4\" data-id=\"89559a4\" data-element_type=\"column\">\n\t\t\t<div class=\"elementor-widget-wrap elementor-element-populated\">\n\t\t\t\t\t\t<div class=\"elementor-element elementor-element-34a3a57 elementor-align-center elementor-widget elementor-widget-button\" data-id=\"34a3a57\" data-element_type=\"widget\" data-widget_type=\"button.default\">\n\t\t\t\t<div class=\"elementor-widget-container\">\n\t\t\t\t\t<div class=\"elementor-button-wrapper\">\n\t\t\t<a class=\"elementor-button elementor-button-link elementor-size-md elementor-animation-grow\" href=\"https:\/\/virgendelremedioutiel.com\/?page_id=8839\">\n\t\t\t\t\t\t<span class=\"elementor-button-content-wrapper\">\n\t\t\t\t\t\t<span class=\"elementor-button-icon elementor-align-icon-left\">\n\t\t\t\t<i aria-hidden=\"true\" class=\"fas fa-church\"><\/i>\t\t\t<\/span>\n\t\t\t\t\t\t<span class=\"elementor-button-text\">Mantos<\/span>\n\t\t<\/span>\n\t\t\t\t\t<\/a>\n\t\t<\/div>\n\t\t\t\t<\/div>\n\t\t\t\t<\/div>\n\t\t\t\t\t<\/div>\n\t\t<\/div>\n\t\t\t\t<div class=\"elementor-column elementor-col-25 elementor-top-column elementor-element elementor-element-528797d\" data-id=\"528797d\" data-element_type=\"column\">\n\t\t\t<div class=\"elementor-widget-wrap elementor-element-populated\">\n\t\t\t\t\t\t<div class=\"elementor-element elementor-element-0e0b56d elementor-align-center elementor-widget elementor-widget-button\" data-id=\"0e0b56d\" data-element_type=\"widget\" data-widget_type=\"button.default\">\n\t\t\t\t<div class=\"elementor-widget-container\">\n\t\t\t\t\t<div class=\"elementor-button-wrapper\">\n\t\t\t<a class=\"elementor-button elementor-button-link elementor-size-md elementor-animation-grow\" href=\"https:\/\/virgendelremedioutiel.com\/?page_id=8878\">\n\t\t\t\t\t\t<span class=\"elementor-button-content-wrapper\">\n\t\t\t\t\t\t<span class=\"elementor-button-icon elementor-align-icon-left\">\n\t\t\t\t<i aria-hidden=\"true\" class=\"fas fa-church\"><\/i>\t\t\t<\/span>\n\t\t\t\t\t\t<span class=\"elementor-button-text\">Cat\u00e1logo de Mantos<\/span>\n\t\t<\/span>\n\t\t\t\t\t<\/a>\n\t\t<\/div>\n\t\t\t\t<\/div>\n\t\t\t\t<\/div>\n\t\t\t\t\t<\/div>\n\t\t<\/div>\n\t\t\t\t<div class=\"elementor-column elementor-col-25 elementor-top-column elementor-element elementor-element-4f57762\" data-id=\"4f57762\" data-element_type=\"column\">\n\t\t\t<div class=\"elementor-widget-wrap elementor-element-populated\">\n\t\t\t\t\t\t<div class=\"elementor-element elementor-element-0e7749e elementor-align-center elementor-widget elementor-widget-button\" data-id=\"0e7749e\" data-element_type=\"widget\" data-widget_type=\"button.default\">\n\t\t\t\t<div class=\"elementor-widget-container\">\n\t\t\t\t\t<div class=\"elementor-button-wrapper\">\n\t\t\t<a class=\"elementor-button elementor-button-link elementor-size-md\" href=\"#\">\n\t\t\t\t\t\t<span class=\"elementor-button-content-wrapper\">\n\t\t\t\t\t\t<span class=\"elementor-button-icon elementor-align-icon-left\">\n\t\t\t\t<i aria-hidden=\"true\" class=\"fas fa-church\"><\/i>\t\t\t<\/span>\n\t\t\t\t\t\t<span class=\"elementor-button-text\">Romer\u00edas<\/span>\n\t\t<\/span>\n\t\t\t\t\t<\/a>\n\t\t<\/div>\n\t\t\t\t<\/div>\n\t\t\t\t<\/div>\n\t\t\t\t\t<\/div>\n\t\t<\/div>\n\t\t\t\t<div class=\"elementor-column elementor-col-25 elementor-top-column elementor-element elementor-element-1f2e983\" data-id=\"1f2e983\" data-element_type=\"column\">\n\t\t\t<div class=\"elementor-widget-wrap elementor-element-populated\">\n\t\t\t\t\t\t<div class=\"elementor-element elementor-element-432eca2 elementor-align-center elementor-widget elementor-widget-button\" data-id=\"432eca2\" data-element_type=\"widget\" data-widget_type=\"button.default\">\n\t\t\t\t<div class=\"elementor-widget-container\">\n\t\t\t\t\t<div class=\"elementor-button-wrapper\">\n\t\t\t<a class=\"elementor-button elementor-button-link elementor-size-md elementor-animation-grow\" href=\"https:\/\/virgendelremedioutiel.com\/?page_id=7186\">\n\t\t\t\t\t\t<span class=\"elementor-button-content-wrapper\">\n\t\t\t\t\t\t<span class=\"elementor-button-icon elementor-align-icon-left\">\n\t\t\t\t<i aria-hidden=\"true\" class=\"fas fa-church\"><\/i>\t\t\t<\/span>\n\t\t\t\t\t\t<span class=\"elementor-button-text\">A\u00f1o Santo Mariano<\/span>\n\t\t<\/span>\n\t\t\t\t\t<\/a>\n\t\t<\/div>\n\t\t\t\t<\/div>\n\t\t\t\t<\/div>\n\t\t\t\t\t<\/div>\n\t\t<\/div>\n\t\t\t\t\t<\/div>\n\t\t<\/section>\n\t\t\t\t<section class=\"elementor-section elementor-top-section elementor-element elementor-element-be271d8 elementor-section-boxed elementor-section-height-default elementor-section-height-default\" data-id=\"be271d8\" data-element_type=\"section\">\n\t\t\t\t\t\t<div class=\"elementor-container elementor-column-gap-default\">\n\t\t\t\t\t<div class=\"elementor-column elementor-col-100 elementor-top-column elementor-element elementor-element-74e197b\" data-id=\"74e197b\" data-element_type=\"column\">\n\t\t\t<div class=\"elementor-widget-wrap elementor-element-populated\">\n\t\t\t\t\t\t<div class=\"elementor-element elementor-element-c6c46e1 elementor-widget elementor-widget-spacer\" data-id=\"c6c46e1\" data-element_type=\"widget\" data-widget_type=\"spacer.default\">\n\t\t\t\t<div class=\"elementor-widget-container\">\n\t\t\t\t\t<div class=\"elementor-spacer\">\n\t\t\t<div class=\"elementor-spacer-inner\"><\/div>\n\t\t<\/div>\n\t\t\t\t<\/div>\n\t\t\t\t<\/div>\n\t\t\t\t\t<\/div>\n\t\t<\/div>\n\t\t\t\t\t<\/div>\n\t\t<\/section>\n\t\t\t\t<section class=\"elementor-section elementor-top-section elementor-element elementor-element-07571f1 elementor-section-boxed elementor-section-height-default elementor-section-height-default\" data-id=\"07571f1\" data-element_type=\"section\">\n\t\t\t\t\t\t<div class=\"elementor-container elementor-column-gap-default\">\n\t\t\t\t\t<div class=\"elementor-column elementor-col-100 elementor-top-column elementor-element elementor-element-72fe85c\" data-id=\"72fe85c\" data-element_type=\"column\">\n\t\t\t<div class=\"elementor-widget-wrap elementor-element-populated\">\n\t\t\t\t\t\t<div class=\"elementor-element elementor-element-f0a52b0 elementor-widget elementor-widget-heading\" data-id=\"f0a52b0\" data-element_type=\"widget\" data-widget_type=\"heading.default\">\n\t\t\t\t<div class=\"elementor-widget-container\">\n\t\t\t<h2 class=\"elementor-heading-title elementor-size-xl\">La Romer\u00eda<\/h2>\t\t<\/div>\n\t\t\t\t<\/div>\n\t\t\t\t<div class=\"elementor-element elementor-element-211e3ef elementor-widget elementor-widget-heading\" data-id=\"211e3ef\" data-element_type=\"widget\" data-widget_type=\"heading.default\">\n\t\t\t\t<div class=\"elementor-widget-container\">\n\t\t\t<h2 class=\"elementor-heading-title elementor-size-large\">Tarde del 6 de septiembre, \"bajada\" a Utiel.<\/h2>\t\t<\/div>\n\t\t\t\t<\/div>\n\t\t\t\t<section class=\"elementor-section elementor-inner-section elementor-element elementor-element-bab6abc elementor-section-content-middle elementor-section-boxed elementor-section-height-default elementor-section-height-default\" data-id=\"bab6abc\" data-element_type=\"section\">\n\t\t\t\t\t\t<div class=\"elementor-container elementor-column-gap-default\">\n\t\t\t\t\t<div class=\"elementor-column elementor-col-50 elementor-inner-column elementor-element elementor-element-068f427\" data-id=\"068f427\" data-element_type=\"column\">\n\t\t\t<div class=\"elementor-widget-wrap elementor-element-populated\">\n\t\t\t\t\t\t<div class=\"elementor-element elementor-element-5f782e9 elementor-widget elementor-widget-image\" data-id=\"5f782e9\" data-element_type=\"widget\" data-widget_type=\"image.default\">\n\t\t\t\t<div class=\"elementor-widget-container\">\n\t\t\t\t\t\t\t\t\t\t\t\t\t<img fetchpriority=\"high\" decoding=\"async\" width=\"409\" height=\"606\" src=\"https:\/\/virgendelremedioutiel.com\/wp-content\/uploads\/2022\/01\/bajada-antigua.jpg\" class=\"attachment-large size-large wp-image-8007\" alt=\"\" srcset=\"https:\/\/virgendelremedioutiel.com\/wp-content\/uploads\/2022\/01\/bajada-antigua.jpg 409w, https:\/\/virgendelremedioutiel.com\/wp-content\/uploads\/2022\/01\/bajada-antigua-202x300.jpg 202w\" sizes=\"100vw\" \/>\t\t\t\t\t\t\t\t\t\t\t\t\t<\/div>\n\t\t\t\t<\/div>\n\t\t\t\t\t<\/div>\n\t\t<\/div>\n\t\t\t\t<div class=\"elementor-column elementor-col-50 elementor-inner-column elementor-element elementor-element-30c7d31\" data-id=\"30c7d31\" data-element_type=\"column\">\n\t\t\t<div class=\"elementor-widget-wrap elementor-element-populated\">\n\t\t\t\t\t\t<div class=\"elementor-element elementor-element-7456e39 elementor-widget elementor-widget-text-editor\" data-id=\"7456e39\" data-element_type=\"widget\" data-widget_type=\"text-editor.default\">\n\t\t\t\t<div class=\"elementor-widget-container\">\n\t\t\t\t\t\t\t<h3><span style=\"color: #808080;\">A partir del a\u00f1o de 1651, con algunos par\u00e9ntesis debidos a las guerras de Sucesi\u00f3n, de la Independencia y Carlistas (que causaron infinitos padecimientos en estas tierras) <span style=\"color: #800000;\">cada seis de septiembre la Imagen sagrada se traslada a Utiel<\/span> para recibir el cari\u00f1o de tantas buenas gentes y como p\u00f3rtico inconmensurable de la Feria y Fiestas que el municipio realiza en su honor.<\/span><\/h3>\t\t\t\t\t\t<\/div>\n\t\t\t\t<\/div>\n\t\t\t\t\t<\/div>\n\t\t<\/div>\n\t\t\t\t\t<\/div>\n\t\t<\/section>\n\t\t\t\t<div class=\"elementor-element elementor-element-acbd92d elementor-widget elementor-widget-image\" data-id=\"acbd92d\" data-element_type=\"widget\" data-widget_type=\"image.default\">\n\t\t\t\t<div class=\"elementor-widget-container\">\n\t\t\t\t\t\t\t\t\t\t\t\t\t<img decoding=\"async\" width=\"950\" height=\"534\" src=\"https:\/\/virgendelremedioutiel.com\/wp-content\/uploads\/2022\/01\/salida-virgen-1024x576.jpg\" class=\"attachment-large size-large wp-image-8008\" alt=\"\" srcset=\"https:\/\/virgendelremedioutiel.com\/wp-content\/uploads\/2022\/01\/salida-virgen-1024x576.jpg 1024w, https:\/\/virgendelremedioutiel.com\/wp-content\/uploads\/2022\/01\/salida-virgen-300x169.jpg 300w, https:\/\/virgendelremedioutiel.com\/wp-content\/uploads\/2022\/01\/salida-virgen-768x432.jpg 768w, https:\/\/virgendelremedioutiel.com\/wp-content\/uploads\/2022\/01\/salida-virgen.jpg 1334w\" sizes=\"100vw\" \/>\t\t\t\t\t\t\t\t\t\t\t\t\t<\/div>\n\t\t\t\t<\/div>\n\t\t\t\t<div class=\"elementor-element elementor-element-ac8b035 elementor-widget elementor-widget-text-editor\" data-id=\"ac8b035\" data-element_type=\"widget\" data-widget_type=\"text-editor.default\">\n\t\t\t\t<div class=\"elementor-widget-container\">\n\t\t\t\t\t\t\t<p><em>&#8211; Expectaci\u00f3n ante la salida e inicio de la &#8220;bajada&#8221;. &#8211;<\/em><\/p>\t\t\t\t\t\t<\/div>\n\t\t\t\t<\/div>\n\t\t\t\t<section class=\"elementor-section elementor-inner-section elementor-element elementor-element-a84d40b elementor-section-boxed elementor-section-height-default elementor-section-height-default\" data-id=\"a84d40b\" data-element_type=\"section\">\n\t\t\t\t\t\t<div class=\"elementor-container elementor-column-gap-default\">\n\t\t\t\t\t<div class=\"elementor-column elementor-col-50 elementor-inner-column elementor-element elementor-element-1f311e6\" data-id=\"1f311e6\" data-element_type=\"column\">\n\t\t\t<div class=\"elementor-widget-wrap elementor-element-populated\">\n\t\t\t\t\t\t<div class=\"elementor-element elementor-element-7befebe elementor-widget elementor-widget-image\" data-id=\"7befebe\" data-element_type=\"widget\" data-widget_type=\"image.default\">\n\t\t\t\t<div class=\"elementor-widget-container\">\n\t\t\t\t\t\t\t\t\t\t\t\t\t<img decoding=\"async\" width=\"768\" height=\"1024\" src=\"https:\/\/virgendelremedioutiel.com\/wp-content\/uploads\/2022\/01\/DSC_0032-768x1024.jpg\" class=\"attachment-large size-large wp-image-8009\" alt=\"\" srcset=\"https:\/\/virgendelremedioutiel.com\/wp-content\/uploads\/2022\/01\/DSC_0032-768x1024.jpg 768w, https:\/\/virgendelremedioutiel.com\/wp-content\/uploads\/2022\/01\/DSC_0032-225x300.jpg 225w, https:\/\/virgendelremedioutiel.com\/wp-content\/uploads\/2022\/01\/DSC_0032-1152x1536.jpg 1152w, https:\/\/virgendelremedioutiel.com\/wp-content\/uploads\/2022\/01\/DSC_0032-1536x2048.jpg 1536w, https:\/\/virgendelremedioutiel.com\/wp-content\/uploads\/2022\/01\/DSC_0032.jpg 1793w\" sizes=\"100vw\" \/>\t\t\t\t\t\t\t\t\t\t\t\t\t<\/div>\n\t\t\t\t<\/div>\n\t\t\t\t<div class=\"elementor-element elementor-element-635ed2e elementor-widget elementor-widget-text-editor\" data-id=\"635ed2e\" data-element_type=\"widget\" data-widget_type=\"text-editor.default\">\n\t\t\t\t<div class=\"elementor-widget-container\">\n\t\t\t\t\t\t\t<p><em>&#8211; Imposici\u00f3n de la Virgen sobre la cabeza. &#8211;<\/em><\/p>\t\t\t\t\t\t<\/div>\n\t\t\t\t<\/div>\n\t\t\t\t\t<\/div>\n\t\t<\/div>\n\t\t\t\t<div class=\"elementor-column elementor-col-50 elementor-inner-column elementor-element elementor-element-b22cfa0\" data-id=\"b22cfa0\" data-element_type=\"column\">\n\t\t\t<div class=\"elementor-widget-wrap elementor-element-populated\">\n\t\t\t\t\t\t<div class=\"elementor-element elementor-element-5b0c2b9 elementor-drop-cap-yes elementor-drop-cap-view-default elementor-widget elementor-widget-text-editor\" data-id=\"5b0c2b9\" data-element_type=\"widget\" data-settings=\"{&quot;drop_cap&quot;:&quot;yes&quot;}\" data-widget_type=\"text-editor.default\">\n\t\t\t\t<div class=\"elementor-widget-container\">\n\t\t\t\t\t\t\t<p>En la dicha tarde septembrina, cuando ya el sol camina hacia su ocaso y previa la imposici\u00f3n en la cabeza de aquellos devotos que lo solicitan, la Imagen, revestida por sus Camareras del correspondiente manto, es depositada en su \u201ctrono de viaje\u201d por el Mayordomo, y franquea las puertas de la ermita. En aquel emotivo instante, en medio del clamor de las campanas, de las plegarias, de los vivas y de los aplausos; una lluvia de caramelos y confites cae entre la muchedumbre y algunos se estrellan contra los cristales del dicho trono. Ceremonial recuerdo que llevan a cabo varias familias de \u201cturroneros\u201d de Utiel, descendientes de aquellos otros que formaban un opulento Gremio, basado en la industria de la miel.<\/p>\t\t\t\t\t\t<\/div>\n\t\t\t\t<\/div>\n\t\t\t\t<div class=\"elementor-element elementor-element-0699344 elementor-drop-cap-yes elementor-drop-cap-view-default elementor-widget elementor-widget-text-editor\" data-id=\"0699344\" data-element_type=\"widget\" data-settings=\"{&quot;drop_cap&quot;:&quot;yes&quot;}\" data-widget_type=\"text-editor.default\">\n\t\t\t\t<div class=\"elementor-widget-container\">\n\t\t\t\t\t\t\t<p>La Imagen sagrada, a hombros de los Mayordomos, toma el camino de Utiel. Ahora bien, en el l\u00edmite natural del Santuario, antes de llegar a la carretera que conduce a la Sierra, en el dicho paraje de la Cruz Gorda; se vuelven las andas hacia la ermita, se entona la Salve de la Virgen del Remedio y el trono se entrega a los fieles, con mayor\u00eda abrumadora de mujeres. Y as\u00ed la Virgen, acompa\u00f1ada tambi\u00e9n de los Mayordomos y miembros de la Cofrad\u00eda, reemprende, entre pinares y gozosos c\u00e1nticos, la \u201cbajada\u201d a Utiel.<\/p>\t\t\t\t\t\t<\/div>\n\t\t\t\t<\/div>\n\t\t\t\t\t<\/div>\n\t\t<\/div>\n\t\t\t\t\t<\/div>\n\t\t<\/section>\n\t\t\t\t\t<\/div>\n\t\t<\/div>\n\t\t\t\t\t<\/div>\n\t\t<\/section>\n\t\t\t\t<section class=\"elementor-section elementor-top-section elementor-element elementor-element-94b10a6 elementor-section-boxed elementor-section-height-default elementor-section-height-default\" data-id=\"94b10a6\" data-element_type=\"section\">\n\t\t\t\t\t\t<div class=\"elementor-container elementor-column-gap-default\">\n\t\t\t\t\t<div class=\"elementor-column elementor-col-100 elementor-top-column elementor-element elementor-element-ae5fb58\" data-id=\"ae5fb58\" data-element_type=\"column\">\n\t\t\t<div class=\"elementor-widget-wrap elementor-element-populated\">\n\t\t\t\t\t\t<div class=\"elementor-element elementor-element-dbf7156 elementor-widget elementor-widget-image\" data-id=\"dbf7156\" data-element_type=\"widget\" data-widget_type=\"image.default\">\n\t\t\t\t<div class=\"elementor-widget-container\">\n\t\t\t\t\t\t\t\t\t\t\t\t\t<img loading=\"lazy\" decoding=\"async\" width=\"950\" height=\"633\" src=\"https:\/\/virgendelremedioutiel.com\/wp-content\/uploads\/2022\/01\/camino-bajada-1024x682.jpg\" class=\"attachment-large size-large wp-image-7925\" alt=\"\" srcset=\"https:\/\/virgendelremedioutiel.com\/wp-content\/uploads\/2022\/01\/camino-bajada-1024x682.jpg 1024w, https:\/\/virgendelremedioutiel.com\/wp-content\/uploads\/2022\/01\/camino-bajada-300x200.jpg 300w, https:\/\/virgendelremedioutiel.com\/wp-content\/uploads\/2022\/01\/camino-bajada-768x512.jpg 768w, https:\/\/virgendelremedioutiel.com\/wp-content\/uploads\/2022\/01\/camino-bajada-1536x1023.jpg 1536w, https:\/\/virgendelremedioutiel.com\/wp-content\/uploads\/2022\/01\/camino-bajada.jpg 1572w\" sizes=\"100vw\" \/>\t\t\t\t\t\t\t\t\t\t\t\t\t<\/div>\n\t\t\t\t<\/div>\n\t\t\t\t<div class=\"elementor-element elementor-element-9441c3b elementor-widget elementor-widget-text-editor\" data-id=\"9441c3b\" data-element_type=\"widget\" data-widget_type=\"text-editor.default\">\n\t\t\t\t<div class=\"elementor-widget-container\">\n\t\t\t\t\t\t\t<p><em>&#8211; Camino hacia Utiel. &#8211;<\/em><\/p>\t\t\t\t\t\t<\/div>\n\t\t\t\t<\/div>\n\t\t\t\t\t<\/div>\n\t\t<\/div>\n\t\t\t\t\t<\/div>\n\t\t<\/section>\n\t\t\t\t<section class=\"elementor-section elementor-top-section elementor-element elementor-element-282d293 elementor-section-boxed elementor-section-height-default elementor-section-height-default\" data-id=\"282d293\" data-element_type=\"section\">\n\t\t\t\t\t\t<div class=\"elementor-container elementor-column-gap-default\">\n\t\t\t\t\t<div class=\"elementor-column elementor-col-33 elementor-top-column elementor-element elementor-element-f3bb2ae\" data-id=\"f3bb2ae\" data-element_type=\"column\">\n\t\t\t<div class=\"elementor-widget-wrap\">\n\t\t\t\t\t\t\t<\/div>\n\t\t<\/div>\n\t\t\t\t<div class=\"elementor-column elementor-col-33 elementor-top-column elementor-element elementor-element-7468a15\" data-id=\"7468a15\" data-element_type=\"column\">\n\t\t\t<div class=\"elementor-widget-wrap elementor-element-populated\">\n\t\t\t\t\t\t<div class=\"elementor-element elementor-element-8307d9f elementor-widget elementor-widget-gallery\" data-id=\"8307d9f\" data-element_type=\"widget\" data-settings=\"{&quot;gallery_layout&quot;:&quot;justified&quot;,&quot;overlay_title&quot;:&quot;title&quot;,&quot;lazyload&quot;:&quot;yes&quot;,&quot;ideal_row_height&quot;:{&quot;unit&quot;:&quot;px&quot;,&quot;size&quot;:200,&quot;sizes&quot;:[]},&quot;ideal_row_height_tablet&quot;:{&quot;unit&quot;:&quot;px&quot;,&quot;size&quot;:150,&quot;sizes&quot;:[]},&quot;ideal_row_height_mobile&quot;:{&quot;unit&quot;:&quot;px&quot;,&quot;size&quot;:150,&quot;sizes&quot;:[]},&quot;gap&quot;:{&quot;unit&quot;:&quot;px&quot;,&quot;size&quot;:10,&quot;sizes&quot;:[]},&quot;gap_tablet&quot;:{&quot;unit&quot;:&quot;px&quot;,&quot;size&quot;:10,&quot;sizes&quot;:[]},&quot;gap_mobile&quot;:{&quot;unit&quot;:&quot;px&quot;,&quot;size&quot;:10,&quot;sizes&quot;:[]},&quot;link_to&quot;:&quot;file&quot;,&quot;overlay_background&quot;:&quot;yes&quot;,&quot;content_hover_animation&quot;:&quot;fade-in&quot;}\" data-widget_type=\"gallery.default\">\n\t\t\t\t<div class=\"elementor-widget-container\">\n\t\t\t\t\t<div class=\"elementor-gallery__container\">\n\t\t\t\t\t\t\t<a class=\"e-gallery-item elementor-gallery-item elementor-animated-content\" href=\"https:\/\/virgendelremedioutiel.com\/wp-content\/uploads\/2022\/01\/IMG_1847.jpg\" data-elementor-open-lightbox=\"yes\" data-elementor-lightbox-slideshow=\"8307d9f\" data-elementor-lightbox-title=\"Virgen en la Casa Medina\" data-e-action-hash=\"#elementor-action%3Aaction%3Dlightbox%26settings%3DeyJpZCI6ODAxMSwidXJsIjoiaHR0cHM6XC9cL3ZpcmdlbmRlbHJlbWVkaW91dGllbC5jb21cL3dwLWNvbnRlbnRcL3VwbG9hZHNcLzIwMjJcLzAxXC9JTUdfMTg0Ny5qcGciLCJzbGlkZXNob3ciOiI4MzA3ZDlmIn0%3D\">\n\t\t\t\t\t<div class=\"e-gallery-image elementor-gallery-item__image\" data-thumbnail=\"https:\/\/virgendelremedioutiel.com\/wp-content\/uploads\/2022\/01\/IMG_1847-1024x768.jpg\" data-width=\"950\" data-height=\"713\" aria-label=\"\" role=\"img\" ><\/div>\n\t\t\t\t\t\t\t\t\t\t\t<div class=\"elementor-gallery-item__overlay\"><\/div>\n\t\t\t\t\t\t\t\t\t\t\t\t\t\t\t<div class=\"elementor-gallery-item__content\">\n\t\t\t\t\t\t\t\t\t\t\t\t\t\t<div class=\"elementor-gallery-item__title\">\n\t\t\t\t\t\t\t\t\t\t\t\t\t\t\t\t\t\tVirgen en la Casa Medina\t\t\t\t\t\t\t\t<\/div>\n\t\t\t\t\t\t\t\t\t\t\t\t<\/div>\n\t\t\t\t\t\t\t\t\t<\/a>\n\t\t\t\t\t<\/div>\n\t\t\t<\/div>\n\t\t\t\t<\/div>\n\t\t\t\t\t<\/div>\n\t\t<\/div>\n\t\t\t\t<div class=\"elementor-column elementor-col-33 elementor-top-column elementor-element elementor-element-6cfd29d\" data-id=\"6cfd29d\" data-element_type=\"column\">\n\t\t\t<div class=\"elementor-widget-wrap\">\n\t\t\t\t\t\t\t<\/div>\n\t\t<\/div>\n\t\t\t\t\t<\/div>\n\t\t<\/section>\n\t\t\t\t<section class=\"elementor-section elementor-top-section elementor-element elementor-element-48831ef elementor-section-boxed elementor-section-height-default elementor-section-height-default\" data-id=\"48831ef\" data-element_type=\"section\">\n\t\t\t\t\t\t<div class=\"elementor-container elementor-column-gap-default\">\n\t\t\t\t\t<div class=\"elementor-column elementor-col-100 elementor-top-column elementor-element elementor-element-90929c7\" data-id=\"90929c7\" data-element_type=\"column\">\n\t\t\t<div class=\"elementor-widget-wrap elementor-element-populated\">\n\t\t\t\t\t\t<div class=\"elementor-element elementor-element-4455bc8 elementor-drop-cap-yes elementor-drop-cap-view-default elementor-widget elementor-widget-text-editor\" data-id=\"4455bc8\" data-element_type=\"widget\" data-settings=\"{&quot;drop_cap&quot;:&quot;yes&quot;}\" data-widget_type=\"text-editor.default\">\n\t\t\t\t<div class=\"elementor-widget-container\">\n\t\t\t\t\t\t\t<p>A los cuatro kil\u00f3metros, en las Casas de Medina, tiene lugar un segundo descanso. El trono de nuevo se vuelve en direcci\u00f3n al Remedio, se canta la Salve, se hace una ligera pausa, se toma alg\u00fan alimento y se reanuda la romer\u00eda. Con el agradecimiento infinito de la Corporaci\u00f3n municipal, de esta Real Cofrad\u00eda, del todo el pueblo de Utiel hacia la Guardia Civil, Agentes de Tr\u00e1fico, Polic\u00eda Municipal, Protecci\u00f3n Civil y Cruz Roja que hacen posible la regulaci\u00f3n del tr\u00e1nsito y que contribuyen eficazmente al buen desarrollo de esta romer\u00eda, de esta alabanza sencilla y piadosa a la Reina de los Cielos.<\/p>\t\t\t\t\t\t<\/div>\n\t\t\t\t<\/div>\n\t\t\t\t\t<\/div>\n\t\t<\/div>\n\t\t\t\t\t<\/div>\n\t\t<\/section>\n\t\t\t\t<section class=\"elementor-section elementor-top-section elementor-element elementor-element-1e02c37 elementor-section-content-middle elementor-section-boxed elementor-section-height-default elementor-section-height-default\" data-id=\"1e02c37\" data-element_type=\"section\">\n\t\t\t\t\t\t<div class=\"elementor-container elementor-column-gap-default\">\n\t\t\t\t\t<div class=\"elementor-column elementor-col-33 elementor-top-column elementor-element elementor-element-5ff51f3\" data-id=\"5ff51f3\" data-element_type=\"column\">\n\t\t\t<div class=\"elementor-widget-wrap elementor-element-populated\">\n\t\t\t\t\t\t<div class=\"elementor-element elementor-element-13c579d elementor-widget elementor-widget-gallery\" data-id=\"13c579d\" data-element_type=\"widget\" data-settings=\"{&quot;gallery_layout&quot;:&quot;justified&quot;,&quot;ideal_row_height&quot;:{&quot;unit&quot;:&quot;px&quot;,&quot;size&quot;:290,&quot;sizes&quot;:[]},&quot;gap&quot;:{&quot;unit&quot;:&quot;px&quot;,&quot;size&quot;:0,&quot;sizes&quot;:[]},&quot;overlay_title&quot;:&quot;title&quot;,&quot;lazyload&quot;:&quot;yes&quot;,&quot;ideal_row_height_tablet&quot;:{&quot;unit&quot;:&quot;px&quot;,&quot;size&quot;:150,&quot;sizes&quot;:[]},&quot;ideal_row_height_mobile&quot;:{&quot;unit&quot;:&quot;px&quot;,&quot;size&quot;:150,&quot;sizes&quot;:[]},&quot;gap_tablet&quot;:{&quot;unit&quot;:&quot;px&quot;,&quot;size&quot;:10,&quot;sizes&quot;:[]},&quot;gap_mobile&quot;:{&quot;unit&quot;:&quot;px&quot;,&quot;size&quot;:10,&quot;sizes&quot;:[]},&quot;link_to&quot;:&quot;file&quot;,&quot;overlay_background&quot;:&quot;yes&quot;,&quot;content_hover_animation&quot;:&quot;fade-in&quot;}\" data-widget_type=\"gallery.default\">\n\t\t\t\t<div class=\"elementor-widget-container\">\n\t\t\t\t\t<div class=\"elementor-gallery__container\">\n\t\t\t\t\t\t\t<a class=\"e-gallery-item elementor-gallery-item elementor-animated-content\" href=\"https:\/\/virgendelremedioutiel.com\/wp-content\/uploads\/2022\/01\/IMG_1851.jpg\" data-elementor-open-lightbox=\"yes\" data-elementor-lightbox-slideshow=\"13c579d\" data-elementor-lightbox-title=\"Salida de Casa Medina\" data-e-action-hash=\"#elementor-action%3Aaction%3Dlightbox%26settings%3DeyJpZCI6ODAxMiwidXJsIjoiaHR0cHM6XC9cL3ZpcmdlbmRlbHJlbWVkaW91dGllbC5jb21cL3dwLWNvbnRlbnRcL3VwbG9hZHNcLzIwMjJcLzAxXC9JTUdfMTg1MS5qcGciLCJzbGlkZXNob3ciOiIxM2M1NzlkIn0%3D\">\n\t\t\t\t\t<div class=\"e-gallery-image elementor-gallery-item__image\" data-thumbnail=\"https:\/\/virgendelremedioutiel.com\/wp-content\/uploads\/2022\/01\/IMG_1851-1536x2048.jpg\" data-width=\"1536\" data-height=\"2048\" aria-label=\"\" role=\"img\" ><\/div>\n\t\t\t\t\t\t\t\t\t\t\t<div class=\"elementor-gallery-item__overlay\"><\/div>\n\t\t\t\t\t\t\t\t\t\t\t\t\t\t\t<div class=\"elementor-gallery-item__content\">\n\t\t\t\t\t\t\t\t\t\t\t\t\t\t<div class=\"elementor-gallery-item__title\">\n\t\t\t\t\t\t\t\t\t\t\t\t\t\t\t\t\t\tSalida de Casa Medina\t\t\t\t\t\t\t\t<\/div>\n\t\t\t\t\t\t\t\t\t\t\t\t<\/div>\n\t\t\t\t\t\t\t\t\t<\/a>\n\t\t\t\t\t<\/div>\n\t\t\t<\/div>\n\t\t\t\t<\/div>\n\t\t\t\t\t<\/div>\n\t\t<\/div>\n\t\t\t\t<div class=\"elementor-column elementor-col-66 elementor-top-column elementor-element elementor-element-5fab3a3\" data-id=\"5fab3a3\" data-element_type=\"column\">\n\t\t\t<div class=\"elementor-widget-wrap elementor-element-populated\">\n\t\t\t\t\t\t<div class=\"elementor-element elementor-element-d33ede9 elementor-drop-cap-yes elementor-drop-cap-view-default elementor-widget elementor-widget-text-editor\" data-id=\"d33ede9\" data-element_type=\"widget\" data-settings=\"{&quot;drop_cap&quot;:&quot;yes&quot;}\" data-widget_type=\"text-editor.default\">\n\t\t\t\t<div class=\"elementor-widget-container\">\n\t\t\t\t\t\t\t<p>Ya hemos rebasado los l\u00edmites del bosque, de los pinares. Vamos a entrar en las tierras de cultivos, en los almendros, en los vi\u00f1edos (la Virgen del Remedio es Reina de las Vendimias), en un altozano, en el entra\u00f1able paraje del Charco de los olmillos. Nueva estaci\u00f3n. El trono ahora se deposita en un peque\u00f1o \u201caltarcito\u201d, construido sobre \u201crulos\u201d de piedra y protegido por la sombra de varios pinos, que, en sustituci\u00f3n de los antiguos olmos, nos libran de los ya d\u00e9biles rayos del sol. Se entona la Salve. En tiempos pasados, en este lugar, se encend\u00eda una buena hoguera con le\u00f1as h\u00famedas, de manera que, produciendo una densa y negra humareda; \u00e9sta, elevada al cielo, se constitu\u00eda en la primera comunicaci\u00f3n de que la Virgen ya hab\u00eda abandonado la mayor zona boscosa del municipio.<\/p>\t\t\t\t\t\t<\/div>\n\t\t\t\t<\/div>\n\t\t\t\t\t<\/div>\n\t\t<\/div>\n\t\t\t\t\t<\/div>\n\t\t<\/section>\n\t\t\t\t<section class=\"elementor-section elementor-top-section elementor-element elementor-element-bfac233 elementor-section-boxed elementor-section-height-default elementor-section-height-default\" data-id=\"bfac233\" data-element_type=\"section\">\n\t\t\t\t\t\t<div class=\"elementor-container elementor-column-gap-default\">\n\t\t\t\t\t<div class=\"elementor-column elementor-col-100 elementor-top-column elementor-element elementor-element-83c893e\" data-id=\"83c893e\" data-element_type=\"column\">\n\t\t\t<div class=\"elementor-widget-wrap elementor-element-populated\">\n\t\t\t\t\t\t<div class=\"elementor-element elementor-element-78ebeb1 elementor-drop-cap-yes elementor-drop-cap-view-default elementor-widget elementor-widget-text-editor\" data-id=\"78ebeb1\" data-element_type=\"widget\" data-settings=\"{&quot;drop_cap&quot;:&quot;yes&quot;}\" data-widget_type=\"text-editor.default\">\n\t\t\t\t<div class=\"elementor-widget-container\">\n\t\t\t\t\t\t\t<p>Entre vivas y plegarias, contin\u00faa \u201cla bajada\u201d, repiti\u00e9ndose el mismo ritmo andariego que se ha llevado durante cuatrocientos cincuenta a\u00f1os. Pero ahora sin perder de vista algunos autom\u00f3viles llevando en su interior impermeables y lienzos de pl\u00e1stico para proteger a las personas y al \u201ctrono de viaje\u201d, por si hiciese falta; pues es hecho conocido que, suele llover, y copiosamente, cuando la efigie de Mar\u00eda sale del Santuario.<\/p>\t\t\t\t\t\t<\/div>\n\t\t\t\t<\/div>\n\t\t\t\t\t<\/div>\n\t\t<\/div>\n\t\t\t\t\t<\/div>\n\t\t<\/section>\n\t\t\t\t<section class=\"elementor-section elementor-top-section elementor-element elementor-element-6329e3a elementor-section-full_width elementor-section-height-min-height elementor-section-stretched elementor-section-height-default elementor-section-items-middle\" data-id=\"6329e3a\" data-element_type=\"section\" data-settings=\"{&quot;stretch_section&quot;:&quot;section-stretched&quot;,&quot;background_background&quot;:&quot;classic&quot;}\">\n\t\t\t\t\t\t<div class=\"elementor-container elementor-column-gap-default\">\n\t\t\t\t\t<div class=\"elementor-column elementor-col-100 elementor-top-column elementor-element elementor-element-6be7607\" data-id=\"6be7607\" data-element_type=\"column\">\n\t\t\t<div class=\"elementor-widget-wrap\">\n\t\t\t\t\t\t\t<\/div>\n\t\t<\/div>\n\t\t\t\t\t<\/div>\n\t\t<\/section>\n\t\t\t\t<section class=\"elementor-section elementor-top-section elementor-element elementor-element-6d66008 elementor-section-boxed elementor-section-height-default elementor-section-height-default\" data-id=\"6d66008\" data-element_type=\"section\">\n\t\t\t\t\t\t<div class=\"elementor-container elementor-column-gap-default\">\n\t\t\t\t\t<div class=\"elementor-column elementor-col-100 elementor-top-column elementor-element elementor-element-8d461e8\" data-id=\"8d461e8\" data-element_type=\"column\">\n\t\t\t<div class=\"elementor-widget-wrap elementor-element-populated\">\n\t\t\t\t\t\t<div class=\"elementor-element elementor-element-a90ad3e elementor-widget elementor-widget-spacer\" data-id=\"a90ad3e\" data-element_type=\"widget\" data-widget_type=\"spacer.default\">\n\t\t\t\t<div class=\"elementor-widget-container\">\n\t\t\t\t\t<div class=\"elementor-spacer\">\n\t\t\t<div class=\"elementor-spacer-inner\"><\/div>\n\t\t<\/div>\n\t\t\t\t<\/div>\n\t\t\t\t<\/div>\n\t\t\t\t\t<\/div>\n\t\t<\/div>\n\t\t\t\t\t<\/div>\n\t\t<\/section>\n\t\t\t\t<section class=\"elementor-section elementor-top-section elementor-element elementor-element-d2d1350 elementor-section-boxed elementor-section-height-default elementor-section-height-default\" data-id=\"d2d1350\" data-element_type=\"section\">\n\t\t\t\t\t\t<div class=\"elementor-container elementor-column-gap-default\">\n\t\t\t\t\t<div class=\"elementor-column elementor-col-33 elementor-top-column elementor-element elementor-element-a069f1b\" data-id=\"a069f1b\" data-element_type=\"column\">\n\t\t\t<div class=\"elementor-widget-wrap\">\n\t\t\t\t\t\t\t<\/div>\n\t\t<\/div>\n\t\t\t\t<div class=\"elementor-column elementor-col-33 elementor-top-column elementor-element elementor-element-ad4839b\" data-id=\"ad4839b\" data-element_type=\"column\">\n\t\t\t<div class=\"elementor-widget-wrap elementor-element-populated\">\n\t\t\t\t\t\t<div class=\"elementor-element elementor-element-8e85a5a elementor-widget elementor-widget-gallery\" data-id=\"8e85a5a\" data-element_type=\"widget\" data-settings=\"{&quot;gallery_layout&quot;:&quot;justified&quot;,&quot;overlay_title&quot;:&quot;title&quot;,&quot;lazyload&quot;:&quot;yes&quot;,&quot;ideal_row_height&quot;:{&quot;unit&quot;:&quot;px&quot;,&quot;size&quot;:200,&quot;sizes&quot;:[]},&quot;ideal_row_height_tablet&quot;:{&quot;unit&quot;:&quot;px&quot;,&quot;size&quot;:150,&quot;sizes&quot;:[]},&quot;ideal_row_height_mobile&quot;:{&quot;unit&quot;:&quot;px&quot;,&quot;size&quot;:150,&quot;sizes&quot;:[]},&quot;gap&quot;:{&quot;unit&quot;:&quot;px&quot;,&quot;size&quot;:10,&quot;sizes&quot;:[]},&quot;gap_tablet&quot;:{&quot;unit&quot;:&quot;px&quot;,&quot;size&quot;:10,&quot;sizes&quot;:[]},&quot;gap_mobile&quot;:{&quot;unit&quot;:&quot;px&quot;,&quot;size&quot;:10,&quot;sizes&quot;:[]},&quot;link_to&quot;:&quot;file&quot;,&quot;overlay_background&quot;:&quot;yes&quot;,&quot;content_hover_animation&quot;:&quot;fade-in&quot;}\" data-widget_type=\"gallery.default\">\n\t\t\t\t<div class=\"elementor-widget-container\">\n\t\t\t\t\t<div class=\"elementor-gallery__container\">\n\t\t\t\t\t\t\t<a class=\"e-gallery-item elementor-gallery-item elementor-animated-content\" href=\"https:\/\/virgendelremedioutiel.com\/wp-content\/uploads\/2022\/01\/IMG_1859-1.jpg\" data-elementor-open-lightbox=\"yes\" data-elementor-lightbox-slideshow=\"8e85a5a\" data-elementor-lightbox-title=\"En las oliveras de Monares\" data-e-action-hash=\"#elementor-action%3Aaction%3Dlightbox%26settings%3DeyJpZCI6ODAxNCwidXJsIjoiaHR0cHM6XC9cL3ZpcmdlbmRlbHJlbWVkaW91dGllbC5jb21cL3dwLWNvbnRlbnRcL3VwbG9hZHNcLzIwMjJcLzAxXC9JTUdfMTg1OS0xLmpwZyIsInNsaWRlc2hvdyI6IjhlODVhNWEifQ%3D%3D\">\n\t\t\t\t\t<div class=\"e-gallery-image elementor-gallery-item__image\" data-thumbnail=\"https:\/\/virgendelremedioutiel.com\/wp-content\/uploads\/2022\/01\/IMG_1859-1-2048x1536.jpg\" data-width=\"2048\" data-height=\"1536\" aria-label=\"\" role=\"img\" ><\/div>\n\t\t\t\t\t\t\t\t\t\t\t<div class=\"elementor-gallery-item__overlay\"><\/div>\n\t\t\t\t\t\t\t\t\t\t\t\t\t\t\t<div class=\"elementor-gallery-item__content\">\n\t\t\t\t\t\t\t\t\t\t\t\t\t\t<div class=\"elementor-gallery-item__title\">\n\t\t\t\t\t\t\t\t\t\t\t\t\t\t\t\t\t\tEn las oliveras de Monares\t\t\t\t\t\t\t\t<\/div>\n\t\t\t\t\t\t\t\t\t\t\t\t<\/div>\n\t\t\t\t\t\t\t\t\t<\/a>\n\t\t\t\t\t<\/div>\n\t\t\t<\/div>\n\t\t\t\t<\/div>\n\t\t\t\t\t<\/div>\n\t\t<\/div>\n\t\t\t\t<div class=\"elementor-column elementor-col-33 elementor-top-column elementor-element elementor-element-d56fcbb\" data-id=\"d56fcbb\" data-element_type=\"column\">\n\t\t\t<div class=\"elementor-widget-wrap\">\n\t\t\t\t\t\t\t<\/div>\n\t\t<\/div>\n\t\t\t\t\t<\/div>\n\t\t<\/section>\n\t\t\t\t<section class=\"elementor-section elementor-top-section elementor-element elementor-element-62d9af6 elementor-section-boxed elementor-section-height-default elementor-section-height-default\" data-id=\"62d9af6\" data-element_type=\"section\">\n\t\t\t\t\t\t<div class=\"elementor-container elementor-column-gap-default\">\n\t\t\t\t\t<div class=\"elementor-column elementor-col-100 elementor-top-column elementor-element elementor-element-771021f\" data-id=\"771021f\" data-element_type=\"column\">\n\t\t\t<div class=\"elementor-widget-wrap elementor-element-populated\">\n\t\t\t\t\t\t<div class=\"elementor-element elementor-element-80dbfb2 elementor-drop-cap-yes elementor-drop-cap-view-default elementor-widget elementor-widget-text-editor\" data-id=\"80dbfb2\" data-element_type=\"widget\" data-settings=\"{&quot;drop_cap&quot;:&quot;yes&quot;}\" data-widget_type=\"text-editor.default\">\n\t\t\t\t<div class=\"elementor-widget-container\">\n\t\t\t\t\t\t\t<p>Entre vi\u00f1edos, olivares y almendros (que parecen tender sus frutos y ramas en honor a la Madre de todas las criaturas), rezos y c\u00e1nticos de las innumerables personas que componen la romer\u00eda; se van consumiendo los kil\u00f3metros. Ya casi nos encontramos metidos en el crep\u00fasculo de la tarde. Es menester encender las luces del \u201ctrono de viaje\u201d, las velas de aquellos romeros que se han provisto de ellas. Son casi las nueve de la noche, estamos en las puertas de Utiel: en \u201c<em>Las oliveras de Monares\u201d<\/em>. Antiguamente, por mediaci\u00f3n de un mensajero, se mandaba aviso a las autoridades civiles y eclesi\u00e1sticas, sobre la aproximaci\u00f3n de la Patrona. Hoy hay otras tecnolog\u00edas.<\/p>\t\t\t\t\t\t<\/div>\n\t\t\t\t<\/div>\n\t\t\t\t\t<\/div>\n\t\t<\/div>\n\t\t\t\t\t<\/div>\n\t\t<\/section>\n\t\t\t\t<section class=\"elementor-section elementor-top-section elementor-element elementor-element-5e9ccff elementor-section-boxed elementor-section-height-default elementor-section-height-default\" data-id=\"5e9ccff\" data-element_type=\"section\">\n\t\t\t\t\t\t<div class=\"elementor-container elementor-column-gap-default\">\n\t\t\t\t\t<div class=\"elementor-column elementor-col-100 elementor-top-column elementor-element elementor-element-5c01a93\" data-id=\"5c01a93\" data-element_type=\"column\">\n\t\t\t<div class=\"elementor-widget-wrap elementor-element-populated\">\n\t\t\t\t\t\t<div class=\"elementor-element elementor-element-caf8b8b elementor-widget elementor-widget-image\" data-id=\"caf8b8b\" data-element_type=\"widget\" data-widget_type=\"image.default\">\n\t\t\t\t<div class=\"elementor-widget-container\">\n\t\t\t\t\t\t\t\t\t\t\t\t\t<img loading=\"lazy\" decoding=\"async\" width=\"2048\" height=\"1536\" src=\"https:\/\/virgendelremedioutiel.com\/wp-content\/uploads\/2022\/01\/IMG_1862-1-2048x1536.jpg\" class=\"attachment-2048x2048 size-2048x2048 wp-image-8015\" alt=\"\" srcset=\"https:\/\/virgendelremedioutiel.com\/wp-content\/uploads\/2022\/01\/IMG_1862-1-2048x1536.jpg 2048w, https:\/\/virgendelremedioutiel.com\/wp-content\/uploads\/2022\/01\/IMG_1862-1-300x225.jpg 300w, https:\/\/virgendelremedioutiel.com\/wp-content\/uploads\/2022\/01\/IMG_1862-1-1024x768.jpg 1024w, https:\/\/virgendelremedioutiel.com\/wp-content\/uploads\/2022\/01\/IMG_1862-1-768x576.jpg 768w, https:\/\/virgendelremedioutiel.com\/wp-content\/uploads\/2022\/01\/IMG_1862-1-1536x1152.jpg 1536w, https:\/\/virgendelremedioutiel.com\/wp-content\/uploads\/2022\/01\/IMG_1862-1-2000x1500.jpg 2000w\" sizes=\"100vw\" \/>\t\t\t\t\t\t\t\t\t\t\t\t\t<\/div>\n\t\t\t\t<\/div>\n\t\t\t\t\t<\/div>\n\t\t<\/div>\n\t\t\t\t\t<\/div>\n\t\t<\/section>\n\t\t\t\t<section class=\"elementor-section elementor-top-section elementor-element elementor-element-5b547e6 elementor-section-boxed elementor-section-height-default elementor-section-height-default\" data-id=\"5b547e6\" data-element_type=\"section\">\n\t\t\t\t\t\t<div class=\"elementor-container elementor-column-gap-default\">\n\t\t\t\t\t<div class=\"elementor-column elementor-col-100 elementor-top-column elementor-element elementor-element-dcf3b7a\" data-id=\"dcf3b7a\" data-element_type=\"column\">\n\t\t\t<div class=\"elementor-widget-wrap elementor-element-populated\">\n\t\t\t\t\t\t<div class=\"elementor-element elementor-element-fda4f41 elementor-drop-cap-yes elementor-drop-cap-view-default elementor-widget elementor-widget-text-editor\" data-id=\"fda4f41\" data-element_type=\"widget\" data-settings=\"{&quot;drop_cap&quot;:&quot;yes&quot;}\" data-widget_type=\"text-editor.default\">\n\t\t\t\t<div class=\"elementor-widget-container\">\n\t\t\t\t\t\t\t<p>En este dicho paraje se hace un \u00faltimo descanso. Y enterado el pueblo de la pronta entrada de la Patrona, en la atalaya de la Comarca, en la torre-campanario de la Iglesia parroquial, comienzan una clamorosa sinfon\u00eda aquellas potentes campanas, plasmada en un entra\u00f1able y singular \u201ctoque\u201d conocido con el nombre: <em>del Recibimiento<\/em>. Pregonando y avisando a los pueblos de la Comarca de la inminente llegada de la Virgen del Remedio a Utiel. En alguna ocasi\u00f3n, y en pasadas \u00e9pocas, tambi\u00e9n se acompa\u00f1aba aquel toque de campanas con una buena fogata encendida en la dicha torre, complementando as\u00ed el aviso sonoro con el visual sobre tan entra\u00f1able acontecimiento.<\/p>\t\t\t\t\t\t<\/div>\n\t\t\t\t<\/div>\n\t\t\t\t\t<\/div>\n\t\t<\/div>\n\t\t\t\t\t<\/div>\n\t\t<\/section>\n\t\t\t\t<section class=\"elementor-section elementor-top-section elementor-element elementor-element-bab4440 elementor-section-boxed elementor-section-height-default elementor-section-height-default\" data-id=\"bab4440\" data-element_type=\"section\">\n\t\t\t\t\t\t<div class=\"elementor-container elementor-column-gap-default\">\n\t\t\t\t\t<div class=\"elementor-column elementor-col-100 elementor-top-column elementor-element elementor-element-6dd2b75\" data-id=\"6dd2b75\" data-element_type=\"column\">\n\t\t\t<div class=\"elementor-widget-wrap elementor-element-populated\">\n\t\t\t\t\t\t<div class=\"elementor-element elementor-element-4b32217 elementor-drop-cap-yes elementor-drop-cap-view-default elementor-widget elementor-widget-text-editor\" data-id=\"4b32217\" data-element_type=\"widget\" data-settings=\"{&quot;drop_cap&quot;:&quot;yes&quot;}\" data-widget_type=\"text-editor.default\">\n\t\t\t\t<div class=\"elementor-widget-container\">\n\t\t\t\t\t\t\t<p>En <em>Las oliveras de Monares <\/em>realizamos un merecido respiro. C\u00e1nticos y plegarias. Ha ca\u00eddo por completo la tarde. Cierto nerviosismo entre los peregrinos. Se adelantan la mayor\u00eda de ellos, aquellos que se hab\u00edan mantenido en la retaguardia de la romer\u00eda. Hay un desfile de incontables personas (algunas a caballo, en magn\u00edficos ejemplares) los pa\u00f1uelos, los bastones, las mochilas, la humanidad, el cari\u00f1o de las gentes, las genuflexiones, los vivas, los c\u00e1nticos. Son unos momentos de gran emoci\u00f3n.<\/p>\t\t\t\t\t\t<\/div>\n\t\t\t\t<\/div>\n\t\t\t\t<div class=\"elementor-element elementor-element-b0910bb elementor-widget elementor-widget-spacer\" data-id=\"b0910bb\" data-element_type=\"widget\" data-widget_type=\"spacer.default\">\n\t\t\t\t<div class=\"elementor-widget-container\">\n\t\t\t\t\t<div class=\"elementor-spacer\">\n\t\t\t<div class=\"elementor-spacer-inner\"><\/div>\n\t\t<\/div>\n\t\t\t\t<\/div>\n\t\t\t\t<\/div>\n\t\t\t\t\t<\/div>\n\t\t<\/div>\n\t\t\t\t\t<\/div>\n\t\t<\/section>\n\t\t\t\t<section class=\"elementor-section elementor-top-section elementor-element elementor-element-431b2b0 elementor-section-height-min-height elementor-section-stretched elementor-section-boxed elementor-section-height-default elementor-section-items-middle\" data-id=\"431b2b0\" data-element_type=\"section\" data-settings=\"{&quot;stretch_section&quot;:&quot;section-stretched&quot;,&quot;background_background&quot;:&quot;classic&quot;}\">\n\t\t\t\t\t\t<div class=\"elementor-container elementor-column-gap-default\">\n\t\t\t\t\t<div class=\"elementor-column elementor-col-100 elementor-top-column elementor-element elementor-element-c9f0c3d\" data-id=\"c9f0c3d\" data-element_type=\"column\">\n\t\t\t<div class=\"elementor-widget-wrap\">\n\t\t\t\t\t\t\t<\/div>\n\t\t<\/div>\n\t\t\t\t\t<\/div>\n\t\t<\/section>\n\t\t\t\t<section class=\"elementor-section elementor-top-section elementor-element elementor-element-080fbab elementor-section-boxed elementor-section-height-default elementor-section-height-default\" data-id=\"080fbab\" data-element_type=\"section\">\n\t\t\t\t\t\t<div class=\"elementor-container elementor-column-gap-default\">\n\t\t\t\t\t<div class=\"elementor-column elementor-col-100 elementor-top-column elementor-element elementor-element-7992ff2\" data-id=\"7992ff2\" data-element_type=\"column\">\n\t\t\t<div class=\"elementor-widget-wrap elementor-element-populated\">\n\t\t\t\t\t\t<div class=\"elementor-element elementor-element-8a210c4 elementor-widget elementor-widget-spacer\" data-id=\"8a210c4\" data-element_type=\"widget\" data-widget_type=\"spacer.default\">\n\t\t\t\t<div class=\"elementor-widget-container\">\n\t\t\t\t\t<div class=\"elementor-spacer\">\n\t\t\t<div class=\"elementor-spacer-inner\"><\/div>\n\t\t<\/div>\n\t\t\t\t<\/div>\n\t\t\t\t<\/div>\n\t\t\t\t\t<\/div>\n\t\t<\/div>\n\t\t\t\t\t<\/div>\n\t\t<\/section>\n\t\t\t\t<section class=\"elementor-section elementor-top-section elementor-element elementor-element-eeca958 elementor-section-boxed elementor-section-height-default elementor-section-height-default\" data-id=\"eeca958\" data-element_type=\"section\">\n\t\t\t\t\t\t<div class=\"elementor-container elementor-column-gap-default\">\n\t\t\t\t\t<div class=\"elementor-column elementor-col-100 elementor-top-column elementor-element elementor-element-6392dfd\" data-id=\"6392dfd\" data-element_type=\"column\">\n\t\t\t<div class=\"elementor-widget-wrap elementor-element-populated\">\n\t\t\t\t\t\t<div class=\"elementor-element elementor-element-02231df elementor-drop-cap-yes elementor-drop-cap-view-default elementor-widget elementor-widget-text-editor\" data-id=\"02231df\" data-element_type=\"widget\" data-settings=\"{&quot;drop_cap&quot;:&quot;yes&quot;}\" data-widget_type=\"text-editor.default\">\n\t\t\t\t<div class=\"elementor-widget-container\">\n\t\t\t\t\t\t\t<p>La Virgen va a entrar en Utiel a hombros de sus Mayordomos que lo har\u00e1n a paso ligero\u2026 a los escasos instantes\u2026 corriendo. Expectaci\u00f3n en <em>La Mesilla<\/em>. Unas tenues luces se adivinan bajo el puente del ferrocarril. <span style=\"color: #800000;\"><strong>\u00a1Ya llega la Virgen! \u00a1Ya llega la Virgen!.<\/strong><\/span> Las notas del himno nacional la reciben. Miles de gargantas prorrumpen en vivas y en agradecidas oraciones. Much\u00edsimos ojos se llenan de l\u00e1grimas.<\/p>\t\t\t\t\t\t<\/div>\n\t\t\t\t<\/div>\n\t\t\t\t\t<\/div>\n\t\t<\/div>\n\t\t\t\t\t<\/div>\n\t\t<\/section>\n\t\t\t\t<section class=\"elementor-section elementor-top-section elementor-element elementor-element-e7d84da elementor-section-boxed elementor-section-height-default elementor-section-height-default\" data-id=\"e7d84da\" data-element_type=\"section\">\n\t\t\t\t\t\t<div class=\"elementor-container elementor-column-gap-default\">\n\t\t\t\t\t<div class=\"elementor-column elementor-col-100 elementor-top-column elementor-element elementor-element-f90bdac\" data-id=\"f90bdac\" data-element_type=\"column\">\n\t\t\t<div class=\"elementor-widget-wrap elementor-element-populated\">\n\t\t\t\t\t\t<div class=\"elementor-element elementor-element-b961193 elementor-widget elementor-widget-image\" data-id=\"b961193\" data-element_type=\"widget\" data-widget_type=\"image.default\">\n\t\t\t\t<div class=\"elementor-widget-container\">\n\t\t\t\t\t\t\t\t\t\t\t\t\t<img loading=\"lazy\" decoding=\"async\" width=\"678\" height=\"1024\" src=\"https:\/\/virgendelremedioutiel.com\/wp-content\/uploads\/2022\/01\/entrada-noche-678x1024.jpg\" class=\"attachment-large size-large wp-image-8017\" alt=\"\" srcset=\"https:\/\/virgendelremedioutiel.com\/wp-content\/uploads\/2022\/01\/entrada-noche-678x1024.jpg 678w, https:\/\/virgendelremedioutiel.com\/wp-content\/uploads\/2022\/01\/entrada-noche-199x300.jpg 199w, https:\/\/virgendelremedioutiel.com\/wp-content\/uploads\/2022\/01\/entrada-noche-768x1160.jpg 768w, https:\/\/virgendelremedioutiel.com\/wp-content\/uploads\/2022\/01\/entrada-noche-1017x1536.jpg 1017w, https:\/\/virgendelremedioutiel.com\/wp-content\/uploads\/2022\/01\/entrada-noche.jpg 1114w\" sizes=\"100vw\" \/>\t\t\t\t\t\t\t\t\t\t\t\t\t<\/div>\n\t\t\t\t<\/div>\n\t\t\t\t<div class=\"elementor-element elementor-element-b6fbebe elementor-drop-cap-yes elementor-drop-cap-view-default elementor-widget elementor-widget-text-editor\" data-id=\"b6fbebe\" data-element_type=\"widget\" data-settings=\"{&quot;drop_cap&quot;:&quot;yes&quot;}\" data-widget_type=\"text-editor.default\">\n\t\t\t\t<div class=\"elementor-widget-container\">\n\t\t\t\t\t\t\t<p>Una inmensa muchedumbre de gentes, todos, todos, sin ninguna excepci\u00f3n, hijos y devotos de la Sant\u00edsima Virgen Mar\u00eda del Remedio se han dado cita, al igual que hace cientos de a\u00f1os; utielanas y utielanos, nuestros hermanos de la Comarca, gentes de la cercana Cuenca, de Albacete, de Teruel\u2026 No importa el d\u00eda&#8230; s\u00e1bado, domingo, lunes\u2026 Todos son fieles al encuentro en <em>La Mesilla<\/em>. Los que viven cerca, con sus autom\u00f3viles, los m\u00e1s distantes han obtenido permiso en sus empresas de Barcelona, de Madrid\u2026 Nadie falta. Se vive el momento m\u00e1s grande de la Feria de Utiel.<\/p>\t\t\t\t\t\t<\/div>\n\t\t\t\t<\/div>\n\t\t\t\t\t<\/div>\n\t\t<\/div>\n\t\t\t\t\t<\/div>\n\t\t<\/section>\n\t\t\t\t<section class=\"elementor-section elementor-top-section elementor-element elementor-element-6eeadc4 elementor-section-boxed elementor-section-height-default elementor-section-height-default\" data-id=\"6eeadc4\" data-element_type=\"section\">\n\t\t\t\t\t\t<div class=\"elementor-container elementor-column-gap-default\">\n\t\t\t\t\t<div class=\"elementor-column elementor-col-100 elementor-top-column elementor-element elementor-element-e07eba3\" data-id=\"e07eba3\" data-element_type=\"column\">\n\t\t\t<div class=\"elementor-widget-wrap elementor-element-populated\">\n\t\t\t\t\t\t<div class=\"elementor-element elementor-element-eddfacf elementor-widget elementor-widget-image\" data-id=\"eddfacf\" data-element_type=\"widget\" data-widget_type=\"image.default\">\n\t\t\t\t<div class=\"elementor-widget-container\">\n\t\t\t\t\t\t\t\t\t\t\t\t\t<img loading=\"lazy\" decoding=\"async\" width=\"1893\" height=\"1389\" src=\"https:\/\/virgendelremedioutiel.com\/wp-content\/uploads\/2022\/01\/recibimiento-noche.jpg\" class=\"attachment-2048x2048 size-2048x2048 wp-image-7930\" alt=\"\" srcset=\"https:\/\/virgendelremedioutiel.com\/wp-content\/uploads\/2022\/01\/recibimiento-noche.jpg 1893w, https:\/\/virgendelremedioutiel.com\/wp-content\/uploads\/2022\/01\/recibimiento-noche-300x220.jpg 300w, https:\/\/virgendelremedioutiel.com\/wp-content\/uploads\/2022\/01\/recibimiento-noche-1024x751.jpg 1024w, https:\/\/virgendelremedioutiel.com\/wp-content\/uploads\/2022\/01\/recibimiento-noche-768x564.jpg 768w, https:\/\/virgendelremedioutiel.com\/wp-content\/uploads\/2022\/01\/recibimiento-noche-1536x1127.jpg 1536w\" sizes=\"100vw\" \/>\t\t\t\t\t\t\t\t\t\t\t\t\t<\/div>\n\t\t\t\t<\/div>\n\t\t\t\t<div class=\"elementor-element elementor-element-06a4e09 elementor-widget elementor-widget-text-editor\" data-id=\"06a4e09\" data-element_type=\"widget\" data-widget_type=\"text-editor.default\">\n\t\t\t\t<div class=\"elementor-widget-container\">\n\t\t\t\t\t\t\t<p><em>&#8211; Noche del 6 de septiembre. \u00a1Ya llega la Virgen! \u00a1Ya llega la Virgen!. Vista parcial del \u201cRecibimiento\u201d en \u201cLa Mesilla\u201d. &#8211;<\/em><\/p>\t\t\t\t\t\t<\/div>\n\t\t\t\t<\/div>\n\t\t\t\t\t<\/div>\n\t\t<\/div>\n\t\t\t\t\t<\/div>\n\t\t<\/section>\n\t\t\t\t<section class=\"elementor-section elementor-top-section elementor-element elementor-element-3f0108f elementor-section-boxed elementor-section-height-default elementor-section-height-default\" data-id=\"3f0108f\" data-element_type=\"section\">\n\t\t\t\t\t\t<div class=\"elementor-container elementor-column-gap-default\">\n\t\t\t\t\t<div class=\"elementor-column elementor-col-100 elementor-top-column elementor-element elementor-element-6bb8fec\" data-id=\"6bb8fec\" data-element_type=\"column\">\n\t\t\t<div class=\"elementor-widget-wrap elementor-element-populated\">\n\t\t\t\t\t\t<div class=\"elementor-element elementor-element-7ebdade elementor-widget elementor-widget-gallery\" data-id=\"7ebdade\" data-element_type=\"widget\" data-settings=\"{&quot;gallery_layout&quot;:&quot;justified&quot;,&quot;overlay_title&quot;:&quot;title&quot;,&quot;lazyload&quot;:&quot;yes&quot;,&quot;ideal_row_height&quot;:{&quot;unit&quot;:&quot;px&quot;,&quot;size&quot;:200,&quot;sizes&quot;:[]},&quot;ideal_row_height_tablet&quot;:{&quot;unit&quot;:&quot;px&quot;,&quot;size&quot;:150,&quot;sizes&quot;:[]},&quot;ideal_row_height_mobile&quot;:{&quot;unit&quot;:&quot;px&quot;,&quot;size&quot;:150,&quot;sizes&quot;:[]},&quot;gap&quot;:{&quot;unit&quot;:&quot;px&quot;,&quot;size&quot;:10,&quot;sizes&quot;:[]},&quot;gap_tablet&quot;:{&quot;unit&quot;:&quot;px&quot;,&quot;size&quot;:10,&quot;sizes&quot;:[]},&quot;gap_mobile&quot;:{&quot;unit&quot;:&quot;px&quot;,&quot;size&quot;:10,&quot;sizes&quot;:[]},&quot;link_to&quot;:&quot;file&quot;,&quot;overlay_background&quot;:&quot;yes&quot;,&quot;content_hover_animation&quot;:&quot;fade-in&quot;}\" data-widget_type=\"gallery.default\">\n\t\t\t\t<div class=\"elementor-widget-container\">\n\t\t\t\t\t<div class=\"elementor-gallery__container\">\n\t\t\t\t\t\t\t<a class=\"e-gallery-item elementor-gallery-item elementor-animated-content\" href=\"https:\/\/virgendelremedioutiel.com\/wp-content\/uploads\/2022\/01\/trono-virgen.jpg\" data-elementor-open-lightbox=\"yes\" data-elementor-lightbox-slideshow=\"7ebdade\" data-elementor-lightbox-title=\"Traslado del trono de viaje.\" data-e-action-hash=\"#elementor-action%3Aaction%3Dlightbox%26settings%3DeyJpZCI6ODAyMSwidXJsIjoiaHR0cHM6XC9cL3ZpcmdlbmRlbHJlbWVkaW91dGllbC5jb21cL3dwLWNvbnRlbnRcL3VwbG9hZHNcLzIwMjJcLzAxXC90cm9uby12aXJnZW4uanBnIiwic2xpZGVzaG93IjoiN2ViZGFkZSJ9\">\n\t\t\t\t\t<div class=\"e-gallery-image elementor-gallery-item__image\" data-thumbnail=\"https:\/\/virgendelremedioutiel.com\/wp-content\/uploads\/2022\/01\/trono-virgen-1024x768.jpg\" data-width=\"950\" data-height=\"713\" aria-label=\"\" role=\"img\" ><\/div>\n\t\t\t\t\t\t\t\t\t\t\t<div class=\"elementor-gallery-item__overlay\"><\/div>\n\t\t\t\t\t\t\t\t\t\t\t\t\t\t\t<div class=\"elementor-gallery-item__content\">\n\t\t\t\t\t\t\t\t\t\t\t\t\t\t<div class=\"elementor-gallery-item__title\">\n\t\t\t\t\t\t\t\t\t\t\t\t\t\t\t\t\t\tTraslado del trono de viaje.\t\t\t\t\t\t\t\t<\/div>\n\t\t\t\t\t\t\t\t\t\t\t\t<\/div>\n\t\t\t\t\t\t\t\t\t<\/a>\n\t\t\t\t\t\t\t<a class=\"e-gallery-item elementor-gallery-item elementor-animated-content\" href=\"https:\/\/virgendelremedioutiel.com\/wp-content\/uploads\/2022\/01\/traslado-virgen.jpg\" data-elementor-open-lightbox=\"yes\" data-elementor-lightbox-slideshow=\"7ebdade\" data-elementor-lightbox-title=\"Traslado al trono procesional\" data-e-action-hash=\"#elementor-action%3Aaction%3Dlightbox%26settings%3DeyJpZCI6ODAyMiwidXJsIjoiaHR0cHM6XC9cL3ZpcmdlbmRlbHJlbWVkaW91dGllbC5jb21cL3dwLWNvbnRlbnRcL3VwbG9hZHNcLzIwMjJcLzAxXC90cmFzbGFkby12aXJnZW4uanBnIiwic2xpZGVzaG93IjoiN2ViZGFkZSJ9\">\n\t\t\t\t\t<div class=\"e-gallery-image elementor-gallery-item__image\" data-thumbnail=\"https:\/\/virgendelremedioutiel.com\/wp-content\/uploads\/2022\/01\/traslado-virgen-1024x684.jpg\" data-width=\"950\" data-height=\"635\" aria-label=\"\" role=\"img\" ><\/div>\n\t\t\t\t\t\t\t\t\t\t\t<div class=\"elementor-gallery-item__overlay\"><\/div>\n\t\t\t\t\t\t\t\t\t\t\t\t\t\t\t<div class=\"elementor-gallery-item__content\">\n\t\t\t\t\t\t\t\t\t\t\t\t\t\t<div class=\"elementor-gallery-item__title\">\n\t\t\t\t\t\t\t\t\t\t\t\t\t\t\t\t\t\tTraslado al trono procesional\t\t\t\t\t\t\t\t<\/div>\n\t\t\t\t\t\t\t\t\t\t\t\t<\/div>\n\t\t\t\t\t\t\t\t\t<\/a>\n\t\t\t\t\t\t\t<a class=\"e-gallery-item elementor-gallery-item elementor-animated-content\" href=\"https:\/\/virgendelremedioutiel.com\/wp-content\/uploads\/2022\/01\/La-Virgen-en-la-mesilla-1.jpg\" data-elementor-open-lightbox=\"yes\" data-elementor-lightbox-slideshow=\"7ebdade\" data-elementor-lightbox-title=\"Fuegos artificiales\" data-e-action-hash=\"#elementor-action%3Aaction%3Dlightbox%26settings%3DeyJpZCI6ODA4MiwidXJsIjoiaHR0cHM6XC9cL3ZpcmdlbmRlbHJlbWVkaW91dGllbC5jb21cL3dwLWNvbnRlbnRcL3VwbG9hZHNcLzIwMjJcLzAxXC9MYS1WaXJnZW4tZW4tbGEtbWVzaWxsYS0xLmpwZyIsInNsaWRlc2hvdyI6IjdlYmRhZGUifQ%3D%3D\">\n\t\t\t\t\t<div class=\"e-gallery-image elementor-gallery-item__image\" data-thumbnail=\"https:\/\/virgendelremedioutiel.com\/wp-content\/uploads\/2022\/01\/La-Virgen-en-la-mesilla-1-1024x680.jpg\" data-width=\"950\" data-height=\"631\" aria-label=\"\" role=\"img\" ><\/div>\n\t\t\t\t\t\t\t\t\t\t\t<div class=\"elementor-gallery-item__overlay\"><\/div>\n\t\t\t\t\t\t\t\t\t\t\t\t\t\t\t<div class=\"elementor-gallery-item__content\">\n\t\t\t\t\t\t\t\t\t\t\t\t\t\t<div class=\"elementor-gallery-item__title\">\n\t\t\t\t\t\t\t\t\t\t\t\t\t\t\t\t\t\tFuegos artificiales\t\t\t\t\t\t\t\t<\/div>\n\t\t\t\t\t\t\t\t\t\t\t\t<\/div>\n\t\t\t\t\t\t\t\t\t<\/a>\n\t\t\t\t\t<\/div>\n\t\t\t<\/div>\n\t\t\t\t<\/div>\n\t\t\t\t\t<\/div>\n\t\t<\/div>\n\t\t\t\t\t<\/div>\n\t\t<\/section>\n\t\t\t\t<section class=\"elementor-section elementor-top-section elementor-element elementor-element-54d7883 elementor-section-boxed elementor-section-height-default elementor-section-height-default\" data-id=\"54d7883\" data-element_type=\"section\">\n\t\t\t\t\t\t<div class=\"elementor-container elementor-column-gap-default\">\n\t\t\t\t\t<div class=\"elementor-column elementor-col-100 elementor-top-column elementor-element elementor-element-60ff0c3\" data-id=\"60ff0c3\" data-element_type=\"column\">\n\t\t\t<div class=\"elementor-widget-wrap elementor-element-populated\">\n\t\t\t\t\t\t<div class=\"elementor-element elementor-element-0a001c2 elementor-drop-cap-yes elementor-drop-cap-view-default elementor-widget elementor-widget-text-editor\" data-id=\"0a001c2\" data-element_type=\"widget\" data-settings=\"{&quot;drop_cap&quot;:&quot;yes&quot;}\" data-widget_type=\"text-editor.default\">\n\t\t\t\t<div class=\"elementor-widget-container\">\n\t\t\t\t\t\t\t<p>El trono de viaje es depositado en La Mesilla. Salves y cantos religiosos llenan el espacio y acompa\u00f1an a la Virgen. Un magn\u00edfico castillo de fuegos artificiales comienza a invadir el cielo de Utiel. En la ya oscura noche ser\u00e1 repetido faro para avisar a las gentes m\u00e1s lejanas sobre la llegada de la Virgen a Utiel. El cura p\u00e1rroco, junto con el mayordomo mayor, proceden a trasladar a la Imagen desde el trono de viaje al suntuoso trono de plata que, sobre los hombros de diecis\u00e9is mayordomos est\u00e1n prestos a recibir tan preciada carga.<\/p><p>Se organiza la procesi\u00f3n de entrada. La cruz parroquial, seguida de los estandartes y banderas de las Cofrad\u00edas y Entidades c\u00edvicas de la poblaci\u00f3n; las y los penitentes y peregrinos; la Real Cofrad\u00eda; el trono de plata, repleto de flores, con la Sagrada Imagen; las Camareras; los sacerdotes presididos, generalmente, por el Sr. Arzobispo o alguna alta dignidad de la archidi\u00f3cesis; la Reina y Damas de la Feria; Autoridades civiles y militares, tambi\u00e9n acompa\u00f1adas por Conselleres, o miembros del Gobierno de la Generalitat Valenciana y la Banda Sinf\u00f3nica de la Uni\u00f3n Musical Utielana; hombres, mujeres y ni\u00f1os\u2026<\/p>\t\t\t\t\t\t<\/div>\n\t\t\t\t<\/div>\n\t\t\t\t\t<\/div>\n\t\t<\/div>\n\t\t\t\t\t<\/div>\n\t\t<\/section>\n\t\t\t\t<section class=\"elementor-section elementor-top-section elementor-element elementor-element-c480598 elementor-section-boxed elementor-section-height-default elementor-section-height-default\" data-id=\"c480598\" data-element_type=\"section\">\n\t\t\t\t\t\t<div class=\"elementor-container elementor-column-gap-default\">\n\t\t\t\t\t<div class=\"elementor-column elementor-col-100 elementor-top-column elementor-element elementor-element-2794e3a\" data-id=\"2794e3a\" data-element_type=\"column\">\n\t\t\t<div class=\"elementor-widget-wrap elementor-element-populated\">\n\t\t\t\t\t\t<div class=\"elementor-element elementor-element-16245ba elementor-widget elementor-widget-gallery\" data-id=\"16245ba\" data-element_type=\"widget\" data-settings=\"{&quot;gallery_layout&quot;:&quot;justified&quot;,&quot;ideal_row_height&quot;:{&quot;unit&quot;:&quot;px&quot;,&quot;size&quot;:314,&quot;sizes&quot;:[]},&quot;overlay_title&quot;:&quot;title&quot;,&quot;lazyload&quot;:&quot;yes&quot;,&quot;ideal_row_height_tablet&quot;:{&quot;unit&quot;:&quot;px&quot;,&quot;size&quot;:150,&quot;sizes&quot;:[]},&quot;ideal_row_height_mobile&quot;:{&quot;unit&quot;:&quot;px&quot;,&quot;size&quot;:150,&quot;sizes&quot;:[]},&quot;gap&quot;:{&quot;unit&quot;:&quot;px&quot;,&quot;size&quot;:10,&quot;sizes&quot;:[]},&quot;gap_tablet&quot;:{&quot;unit&quot;:&quot;px&quot;,&quot;size&quot;:10,&quot;sizes&quot;:[]},&quot;gap_mobile&quot;:{&quot;unit&quot;:&quot;px&quot;,&quot;size&quot;:10,&quot;sizes&quot;:[]},&quot;link_to&quot;:&quot;file&quot;,&quot;overlay_background&quot;:&quot;yes&quot;,&quot;content_hover_animation&quot;:&quot;fade-in&quot;}\" data-widget_type=\"gallery.default\">\n\t\t\t\t<div class=\"elementor-widget-container\">\n\t\t\t\t\t<div class=\"elementor-gallery__container\">\n\t\t\t\t\t\t\t<a class=\"e-gallery-item elementor-gallery-item elementor-animated-content\" href=\"https:\/\/virgendelremedioutiel.com\/wp-content\/uploads\/2022\/01\/fuegos-artificiales.jpg\" data-elementor-open-lightbox=\"yes\" data-elementor-lightbox-slideshow=\"16245ba\" data-elementor-lightbox-title=\"Aceras de la avenida de D. Rafael Mar\u00edn L\u00e1zaro\" data-e-action-hash=\"#elementor-action%3Aaction%3Dlightbox%26settings%3DeyJpZCI6ODAyMywidXJsIjoiaHR0cHM6XC9cL3ZpcmdlbmRlbHJlbWVkaW91dGllbC5jb21cL3dwLWNvbnRlbnRcL3VwbG9hZHNcLzIwMjJcLzAxXC9mdWVnb3MtYXJ0aWZpY2lhbGVzLmpwZyIsInNsaWRlc2hvdyI6IjE2MjQ1YmEifQ%3D%3D\">\n\t\t\t\t\t<div class=\"e-gallery-image elementor-gallery-item__image\" data-thumbnail=\"https:\/\/virgendelremedioutiel.com\/wp-content\/uploads\/2022\/01\/fuegos-artificiales-1024x820.jpg\" data-width=\"950\" data-height=\"761\" aria-label=\"\" role=\"img\" ><\/div>\n\t\t\t\t\t\t\t\t\t\t\t<div class=\"elementor-gallery-item__overlay\"><\/div>\n\t\t\t\t\t\t\t\t\t\t\t\t\t\t\t<div class=\"elementor-gallery-item__content\">\n\t\t\t\t\t\t\t\t\t\t\t\t\t\t<div class=\"elementor-gallery-item__title\">\n\t\t\t\t\t\t\t\t\t\t\t\t\t\t\t\t\t\tAceras de la avenida de D. Rafael Mar\u00edn L\u00e1zaro\t\t\t\t\t\t\t\t<\/div>\n\t\t\t\t\t\t\t\t\t\t\t\t<\/div>\n\t\t\t\t\t\t\t\t\t<\/a>\n\t\t\t\t\t\t\t<a class=\"e-gallery-item elementor-gallery-item elementor-animated-content\" href=\"https:\/\/virgendelremedioutiel.com\/wp-content\/uploads\/2022\/01\/Espliego-1.jpg\" data-elementor-open-lightbox=\"yes\" data-elementor-lightbox-slideshow=\"16245ba\" data-elementor-lightbox-title=\"Procesi\u00f3n al encuentro de la Virgen\" data-e-action-hash=\"#elementor-action%3Aaction%3Dlightbox%26settings%3DeyJpZCI6ODA4NywidXJsIjoiaHR0cHM6XC9cL3ZpcmdlbmRlbHJlbWVkaW91dGllbC5jb21cL3dwLWNvbnRlbnRcL3VwbG9hZHNcLzIwMjJcLzAxXC9Fc3BsaWVnby0xLmpwZyIsInNsaWRlc2hvdyI6IjE2MjQ1YmEifQ%3D%3D\">\n\t\t\t\t\t<div class=\"e-gallery-image elementor-gallery-item__image\" data-thumbnail=\"https:\/\/virgendelremedioutiel.com\/wp-content\/uploads\/2022\/01\/Espliego-1-1024x819.jpg\" data-width=\"950\" data-height=\"760\" aria-label=\"\" role=\"img\" ><\/div>\n\t\t\t\t\t\t\t\t\t\t\t<div class=\"elementor-gallery-item__overlay\"><\/div>\n\t\t\t\t\t\t\t\t\t\t\t\t\t\t\t<div class=\"elementor-gallery-item__content\">\n\t\t\t\t\t\t\t\t\t\t\t\t\t\t<div class=\"elementor-gallery-item__title\">\n\t\t\t\t\t\t\t\t\t\t\t\t\t\t\t\t\t\tProcesi\u00f3n al encuentro de la Virgen\t\t\t\t\t\t\t\t<\/div>\n\t\t\t\t\t\t\t\t\t\t\t\t<\/div>\n\t\t\t\t\t\t\t\t\t<\/a>\n\t\t\t\t\t<\/div>\n\t\t\t<\/div>\n\t\t\t\t<\/div>\n\t\t\t\t\t<\/div>\n\t\t<\/div>\n\t\t\t\t\t<\/div>\n\t\t<\/section>\n\t\t\t\t<section class=\"elementor-section elementor-top-section elementor-element elementor-element-4622b21 elementor-section-boxed elementor-section-height-default elementor-section-height-default\" data-id=\"4622b21\" data-element_type=\"section\">\n\t\t\t\t\t\t<div class=\"elementor-container elementor-column-gap-default\">\n\t\t\t\t\t<div class=\"elementor-column elementor-col-100 elementor-top-column elementor-element elementor-element-25902b3\" data-id=\"25902b3\" data-element_type=\"column\">\n\t\t\t<div class=\"elementor-widget-wrap elementor-element-populated\">\n\t\t\t\t\t\t<div class=\"elementor-element elementor-element-99619ff elementor-drop-cap-yes elementor-drop-cap-view-default elementor-widget elementor-widget-text-editor\" data-id=\"99619ff\" data-element_type=\"widget\" data-settings=\"{&quot;drop_cap&quot;:&quot;yes&quot;}\" data-widget_type=\"text-editor.default\">\n\t\t\t\t<div class=\"elementor-widget-container\">\n\t\t\t\t\t\t\t<p>Aparecen las aceras de la amplia avenida de D. Rafael Mar\u00edn L\u00e1zaro repletas de gent\u00edo, con cinco y seis filas paralelas de personas deseosas de dar la bienvenida a la Patrona. Cuando la solemne comitiva llega a la puerta de la Plaza de Toros y accede a la calle del Remedio, aquellas primeras multitudes de personas \u201cesperando\u201d se han multiplicado. Ahora, hasta la llegada a la Parroquia, las calles del recorrido son m\u00e1s estrechas, pero estar\u00e1n igualmente llenas de gentes; las que a ellas desembocan, acoger\u00e1n tambi\u00e9n a incontables utielanos y visitantes. Los vivas, las flores dejadas caer desde los balcones adornados con tapices y lienzos, \u201clos aleluyas\u201d, las l\u00e1grimas, las plegarias, las emociones, la alegr\u00eda incontenible ser\u00e1n secuencias constantes en este itinerario.<\/p>\t\t\t\t\t\t<\/div>\n\t\t\t\t<\/div>\n\t\t\t\t\t<\/div>\n\t\t<\/div>\n\t\t\t\t\t<\/div>\n\t\t<\/section>\n\t\t\t\t<section class=\"elementor-section elementor-top-section elementor-element elementor-element-1dc2af4 elementor-section-boxed elementor-section-height-default elementor-section-height-default\" data-id=\"1dc2af4\" data-element_type=\"section\">\n\t\t\t\t\t\t<div class=\"elementor-container elementor-column-gap-default\">\n\t\t\t\t\t<div class=\"elementor-column elementor-col-100 elementor-top-column elementor-element elementor-element-75944cc\" data-id=\"75944cc\" data-element_type=\"column\">\n\t\t\t<div class=\"elementor-widget-wrap elementor-element-populated\">\n\t\t\t\t\t\t<div class=\"elementor-element elementor-element-052b1fc elementor-drop-cap-yes elementor-drop-cap-view-default elementor-widget elementor-widget-text-editor\" data-id=\"052b1fc\" data-element_type=\"widget\" data-settings=\"{&quot;drop_cap&quot;:&quot;yes&quot;}\" data-widget_type=\"text-editor.default\">\n\t\t\t\t<div class=\"elementor-widget-container\">\n\t\t\t\t\t\t\t<p>La Imagen sagrada llega a la conjunci\u00f3n de la cuesta de Bureo con la calle del Remedio, aqu\u00ed tiene lugar nueva parada. Hay un descanso. Se reza una Salve. En la fachada de aquella casa existe una art\u00edstica cer\u00e1mica con la representaci\u00f3n de nuestra Patrona. Se trata de un entra\u00f1able recuerdo. Un momento emotivo e hist\u00f3rico.<\/p>\t\t\t\t\t\t<\/div>\n\t\t\t\t<\/div>\n\t\t\t\t\t<\/div>\n\t\t<\/div>\n\t\t\t\t\t<\/div>\n\t\t<\/section>\n\t\t\t\t<section class=\"elementor-section elementor-top-section elementor-element elementor-element-1a72a6a elementor-section-full_width elementor-section-stretched elementor-section-height-default elementor-section-height-default\" data-id=\"1a72a6a\" data-element_type=\"section\" data-settings=\"{&quot;stretch_section&quot;:&quot;section-stretched&quot;,&quot;background_background&quot;:&quot;classic&quot;}\">\n\t\t\t\t\t\t<div class=\"elementor-container elementor-column-gap-default\">\n\t\t\t\t\t<div class=\"elementor-column elementor-col-100 elementor-top-column elementor-element elementor-element-01e3649\" data-id=\"01e3649\" data-element_type=\"column\">\n\t\t\t<div class=\"elementor-widget-wrap elementor-element-populated\">\n\t\t\t\t\t\t<div class=\"elementor-element elementor-element-09d9a85 elementor-widget elementor-widget-image\" data-id=\"09d9a85\" data-element_type=\"widget\" data-widget_type=\"image.default\">\n\t\t\t\t<div class=\"elementor-widget-container\">\n\t\t\t\t\t\t\t\t\t\t\t\t\t<img loading=\"lazy\" decoding=\"async\" width=\"2401\" height=\"1596\" src=\"https:\/\/virgendelremedioutiel.com\/wp-content\/uploads\/2022\/01\/plaza-toros.jpg\" class=\"attachment-full size-full wp-image-8025\" alt=\"\" srcset=\"https:\/\/virgendelremedioutiel.com\/wp-content\/uploads\/2022\/01\/plaza-toros.jpg 2401w, https:\/\/virgendelremedioutiel.com\/wp-content\/uploads\/2022\/01\/plaza-toros-300x199.jpg 300w, https:\/\/virgendelremedioutiel.com\/wp-content\/uploads\/2022\/01\/plaza-toros-1024x681.jpg 1024w, https:\/\/virgendelremedioutiel.com\/wp-content\/uploads\/2022\/01\/plaza-toros-768x511.jpg 768w, https:\/\/virgendelremedioutiel.com\/wp-content\/uploads\/2022\/01\/plaza-toros-1536x1021.jpg 1536w, https:\/\/virgendelremedioutiel.com\/wp-content\/uploads\/2022\/01\/plaza-toros-2048x1361.jpg 2048w, https:\/\/virgendelremedioutiel.com\/wp-content\/uploads\/2022\/01\/plaza-toros-2000x1329.jpg 2000w\" sizes=\"100vw\" \/>\t\t\t\t\t\t\t\t\t\t\t\t\t<\/div>\n\t\t\t\t<\/div>\n\t\t\t\t\t<\/div>\n\t\t<\/div>\n\t\t\t\t\t<\/div>\n\t\t<\/section>\n\t\t\t\t<section class=\"elementor-section elementor-top-section elementor-element elementor-element-11ed0fd elementor-section-boxed elementor-section-height-default elementor-section-height-default\" data-id=\"11ed0fd\" data-element_type=\"section\">\n\t\t\t\t\t\t<div class=\"elementor-container elementor-column-gap-default\">\n\t\t\t\t\t<div class=\"elementor-column elementor-col-100 elementor-top-column elementor-element elementor-element-9526b9b\" data-id=\"9526b9b\" data-element_type=\"column\">\n\t\t\t<div class=\"elementor-widget-wrap elementor-element-populated\">\n\t\t\t\t\t\t<div class=\"elementor-element elementor-element-6516ddf elementor-widget elementor-widget-text-editor\" data-id=\"6516ddf\" data-element_type=\"widget\" data-widget_type=\"text-editor.default\">\n\t\t\t\t<div class=\"elementor-widget-container\">\n\t\t\t\t\t\t\t<h3><span style=\"color: #808080;\"><span style=\"color: #800000;\">E<\/span>n los siglos XVII y XVIII todav\u00eda el casco urbano no llegaba hasta estos confines. Nos encontramos muy cerca de las antiguas murallas. Las gentes, como hemos observado \u201csub\u00edan\u201d a esperar a la Virgen a La Mesilla. <span style=\"color: #800000;\">Pero hab\u00eda un sector de la poblaci\u00f3n: enfermos, ancianos, inv\u00e1lidos, que les resultaba imposible hacer aquel recorrido<\/span> y m\u00e1xime tener que cruzar el cauce seco de la antigua \u201cRambla\u201d. Pues bien, aqu\u00ed, en este final de la calle del Remedio, casi junto a las murallas, cercanos a la Puerta de las Eras, esperaban aquellas gentes para cumplir como buenos utielanos y poder tambi\u00e9n contemplar la sonrisa bondadosa de nuestra Madre del Remedio.<\/span><\/h3>\t\t\t\t\t\t<\/div>\n\t\t\t\t<\/div>\n\t\t\t\t\t<\/div>\n\t\t<\/div>\n\t\t\t\t\t<\/div>\n\t\t<\/section>\n\t\t\t\t<section class=\"elementor-section elementor-top-section elementor-element elementor-element-fd893a7 elementor-section-boxed elementor-section-height-default elementor-section-height-default\" data-id=\"fd893a7\" data-element_type=\"section\">\n\t\t\t\t\t\t<div class=\"elementor-container elementor-column-gap-default\">\n\t\t\t\t\t<div class=\"elementor-column elementor-col-100 elementor-top-column elementor-element elementor-element-9142eb6\" data-id=\"9142eb6\" data-element_type=\"column\">\n\t\t\t<div class=\"elementor-widget-wrap elementor-element-populated\">\n\t\t\t\t\t\t<div class=\"elementor-element elementor-element-24d9c9c elementor-widget elementor-widget-gallery\" data-id=\"24d9c9c\" data-element_type=\"widget\" data-settings=\"{&quot;gallery_layout&quot;:&quot;justified&quot;,&quot;ideal_row_height&quot;:{&quot;unit&quot;:&quot;px&quot;,&quot;size&quot;:267,&quot;sizes&quot;:[]},&quot;overlay_title&quot;:&quot;title&quot;,&quot;lazyload&quot;:&quot;yes&quot;,&quot;ideal_row_height_tablet&quot;:{&quot;unit&quot;:&quot;px&quot;,&quot;size&quot;:150,&quot;sizes&quot;:[]},&quot;ideal_row_height_mobile&quot;:{&quot;unit&quot;:&quot;px&quot;,&quot;size&quot;:150,&quot;sizes&quot;:[]},&quot;gap&quot;:{&quot;unit&quot;:&quot;px&quot;,&quot;size&quot;:10,&quot;sizes&quot;:[]},&quot;gap_tablet&quot;:{&quot;unit&quot;:&quot;px&quot;,&quot;size&quot;:10,&quot;sizes&quot;:[]},&quot;gap_mobile&quot;:{&quot;unit&quot;:&quot;px&quot;,&quot;size&quot;:10,&quot;sizes&quot;:[]},&quot;link_to&quot;:&quot;file&quot;,&quot;overlay_background&quot;:&quot;yes&quot;,&quot;content_hover_animation&quot;:&quot;fade-in&quot;}\" data-widget_type=\"gallery.default\">\n\t\t\t\t<div class=\"elementor-widget-container\">\n\t\t\t\t\t<div class=\"elementor-gallery__container\">\n\t\t\t\t\t\t\t<a class=\"e-gallery-item elementor-gallery-item elementor-animated-content\" href=\"https:\/\/virgendelremedioutiel.com\/wp-content\/uploads\/2022\/01\/puerta-de-las-eras.jpg\" data-elementor-open-lightbox=\"yes\" data-elementor-lightbox-slideshow=\"24d9c9c\" data-elementor-lightbox-title=\"Entrada a la plaza de la puerta de las Eras\" data-e-action-hash=\"#elementor-action%3Aaction%3Dlightbox%26settings%3DeyJpZCI6ODAzMCwidXJsIjoiaHR0cHM6XC9cL3ZpcmdlbmRlbHJlbWVkaW91dGllbC5jb21cL3dwLWNvbnRlbnRcL3VwbG9hZHNcLzIwMjJcLzAxXC9wdWVydGEtZGUtbGFzLWVyYXMuanBnIiwic2xpZGVzaG93IjoiMjRkOWM5YyJ9\">\n\t\t\t\t\t<div class=\"e-gallery-image elementor-gallery-item__image\" data-thumbnail=\"https:\/\/virgendelremedioutiel.com\/wp-content\/uploads\/2022\/01\/puerta-de-las-eras-1024x656.jpg\" data-width=\"950\" data-height=\"609\" aria-label=\"\" role=\"img\" ><\/div>\n\t\t\t\t\t\t\t\t\t\t\t<div class=\"elementor-gallery-item__overlay\"><\/div>\n\t\t\t\t\t\t\t\t\t\t\t\t\t\t\t<div class=\"elementor-gallery-item__content\">\n\t\t\t\t\t\t\t\t\t\t\t\t\t\t<div class=\"elementor-gallery-item__title\">\n\t\t\t\t\t\t\t\t\t\t\t\t\t\t\t\t\t\tEntrada a la plaza de la puerta de las Eras\t\t\t\t\t\t\t\t<\/div>\n\t\t\t\t\t\t\t\t\t\t\t\t<\/div>\n\t\t\t\t\t\t\t\t\t<\/a>\n\t\t\t\t\t\t\t<a class=\"e-gallery-item elementor-gallery-item elementor-animated-content\" href=\"https:\/\/virgendelremedioutiel.com\/wp-content\/uploads\/2022\/01\/puerta1-de-las-eras.jpg\" data-elementor-open-lightbox=\"yes\" data-elementor-lightbox-slideshow=\"24d9c9c\" data-elementor-lightbox-title=\"Entrada puerta de las Eras\" data-e-action-hash=\"#elementor-action%3Aaction%3Dlightbox%26settings%3DeyJpZCI6ODAyOSwidXJsIjoiaHR0cHM6XC9cL3ZpcmdlbmRlbHJlbWVkaW91dGllbC5jb21cL3dwLWNvbnRlbnRcL3VwbG9hZHNcLzIwMjJcLzAxXC9wdWVydGExLWRlLWxhcy1lcmFzLmpwZyIsInNsaWRlc2hvdyI6IjI0ZDljOWMifQ%3D%3D\">\n\t\t\t\t\t<div class=\"e-gallery-image elementor-gallery-item__image\" data-thumbnail=\"https:\/\/virgendelremedioutiel.com\/wp-content\/uploads\/2022\/01\/puerta1-de-las-eras-768x1024.jpg\" data-width=\"768\" data-height=\"1024\" aria-label=\"\" role=\"img\" ><\/div>\n\t\t\t\t\t\t\t\t\t\t\t<div class=\"elementor-gallery-item__overlay\"><\/div>\n\t\t\t\t\t\t\t\t\t\t\t\t\t\t\t<div class=\"elementor-gallery-item__content\">\n\t\t\t\t\t\t\t\t\t\t\t\t\t\t<div class=\"elementor-gallery-item__title\">\n\t\t\t\t\t\t\t\t\t\t\t\t\t\t\t\t\t\tEntrada puerta de las Eras\t\t\t\t\t\t\t\t<\/div>\n\t\t\t\t\t\t\t\t\t\t\t\t<\/div>\n\t\t\t\t\t\t\t\t\t<\/a>\n\t\t\t\t\t\t\t<a class=\"e-gallery-item elementor-gallery-item elementor-animated-content\" href=\"https:\/\/virgendelremedioutiel.com\/wp-content\/uploads\/2022\/01\/Recibimiento-calle-Santa-Maria-1.jpg\" data-elementor-open-lightbox=\"yes\" data-elementor-lightbox-slideshow=\"24d9c9c\" data-elementor-lightbox-title=\"Procesi\u00f3n por calle Santa Maria hacia la parroquia\" data-e-action-hash=\"#elementor-action%3Aaction%3Dlightbox%26settings%3DeyJpZCI6ODEwNCwidXJsIjoiaHR0cHM6XC9cL3ZpcmdlbmRlbHJlbWVkaW91dGllbC5jb21cL3dwLWNvbnRlbnRcL3VwbG9hZHNcLzIwMjJcLzAxXC9SZWNpYmltaWVudG8tY2FsbGUtU2FudGEtTWFyaWEtMS5qcGciLCJzbGlkZXNob3ciOiIyNGQ5YzljIn0%3D\">\n\t\t\t\t\t<div class=\"e-gallery-image elementor-gallery-item__image\" data-thumbnail=\"https:\/\/virgendelremedioutiel.com\/wp-content\/uploads\/2022\/01\/Recibimiento-calle-Santa-Maria-1.jpg\" data-width=\"586\" data-height=\"782\" aria-label=\"\" role=\"img\" ><\/div>\n\t\t\t\t\t\t\t\t\t\t\t<div class=\"elementor-gallery-item__overlay\"><\/div>\n\t\t\t\t\t\t\t\t\t\t\t\t\t\t\t<div class=\"elementor-gallery-item__content\">\n\t\t\t\t\t\t\t\t\t\t\t\t\t\t<div class=\"elementor-gallery-item__title\">\n\t\t\t\t\t\t\t\t\t\t\t\t\t\t\t\t\t\tProcesi\u00f3n por calle Santa Maria hacia la parroquia\t\t\t\t\t\t\t\t<\/div>\n\t\t\t\t\t\t\t\t\t\t\t\t<\/div>\n\t\t\t\t\t\t\t\t\t<\/a>\n\t\t\t\t\t<\/div>\n\t\t\t<\/div>\n\t\t\t\t<\/div>\n\t\t\t\t\t<\/div>\n\t\t<\/div>\n\t\t\t\t\t<\/div>\n\t\t<\/section>\n\t\t\t\t<section class=\"elementor-section elementor-top-section elementor-element elementor-element-49e4b6c elementor-section-boxed elementor-section-height-default elementor-section-height-default\" data-id=\"49e4b6c\" data-element_type=\"section\">\n\t\t\t\t\t\t<div class=\"elementor-container elementor-column-gap-default\">\n\t\t\t\t\t<div class=\"elementor-column elementor-col-100 elementor-top-column elementor-element elementor-element-6ced00c\" data-id=\"6ced00c\" data-element_type=\"column\">\n\t\t\t<div class=\"elementor-widget-wrap elementor-element-populated\">\n\t\t\t\t\t\t<div class=\"elementor-element elementor-element-d7d5cf4 elementor-drop-cap-yes elementor-drop-cap-view-default elementor-widget elementor-widget-text-editor\" data-id=\"d7d5cf4\" data-element_type=\"widget\" data-settings=\"{&quot;drop_cap&quot;:&quot;yes&quot;}\" data-widget_type=\"text-editor.default\">\n\t\t\t\t<div class=\"elementor-widget-container\">\n\t\t\t\t\t\t\t<p>Resulta casi imposible abrirse camino en la citada Puerta de las Eras, pasa el trono de plata bajo el reconstruido arco de la dicha puerta y entrados en la antigua plazuela de <em>La Trinidad<\/em>, prosigue la procesi\u00f3n por la estrecha calle de Santa Mar\u00eda. Fieles a la tradici\u00f3n los vecinos del callej\u00f3n del Candil, ya han preparado su bocacalle con varios de aquellos utensilios, reminiscencia del antiguo Gremio de Hojalateros ubicado en aquel lugar y tambi\u00e9n de las infinitas luminarias que de todas clases: antorchas, velas, cirios, candiles\u2026 pend\u00edan de fachadas y calles en aquella noche grande del \u201crecibimiento\u201d de la Patrona.<\/p>\t\t\t\t\t\t<\/div>\n\t\t\t\t<\/div>\n\t\t\t\t<div class=\"elementor-element elementor-element-03516e0 elementor-drop-cap-yes elementor-drop-cap-view-default elementor-widget elementor-widget-text-editor\" data-id=\"03516e0\" data-element_type=\"widget\" data-settings=\"{&quot;drop_cap&quot;:&quot;yes&quot;}\" data-widget_type=\"text-editor.default\">\n\t\t\t\t<div class=\"elementor-widget-container\">\n\t\t\t\t\t\t\t<p>Cuando, tras \u00edmprobos esfuerzos, se produce la entrada en la Santa Iglesia Parroquial la apoteosis es inimaginable. El sagrado recinto repleto de fieles acoge, en esos minutos, a m\u00e1s de mil personas. Los vivas, los c\u00e1nticos, la Salve, las plegarias\u2026No hay palabras para describir tantas emociones\u2026 Acercada la Sagrada Imagen en el trono de plata hasta el Presbiterio, el cura p\u00e1rroco y el mayordomo mayor, proceden a su traslado hasta la hornacina que para tal menester se encuentra en el Altar mayor. All\u00ed permanecer\u00e1, entre inmarchitables flores, presidiendo solemnes cultos y recibiendo infinitos agradecimientos y plegarias, hasta el \u00faltimo domingo de octubre, en que nuevamente ser\u00e1 llevada a su Santuario de la Sierra.<\/p>\t\t\t\t\t\t<\/div>\n\t\t\t\t<\/div>\n\t\t\t\t\t<\/div>\n\t\t<\/div>\n\t\t\t\t\t<\/div>\n\t\t<\/section>\n\t\t\t\t<section class=\"elementor-section elementor-top-section elementor-element elementor-element-dd29354 elementor-section-boxed elementor-section-height-default elementor-section-height-default\" data-id=\"dd29354\" data-element_type=\"section\">\n\t\t\t\t\t\t<div class=\"elementor-container elementor-column-gap-default\">\n\t\t\t\t\t<div class=\"elementor-column elementor-col-100 elementor-top-column elementor-element elementor-element-9100fc5\" data-id=\"9100fc5\" data-element_type=\"column\">\n\t\t\t<div class=\"elementor-widget-wrap elementor-element-populated\">\n\t\t\t\t\t\t<div class=\"elementor-element elementor-element-dd019fb elementor-widget elementor-widget-image\" data-id=\"dd019fb\" data-element_type=\"widget\" data-widget_type=\"image.default\">\n\t\t\t\t<div class=\"elementor-widget-container\">\n\t\t\t\t\t\t\t\t\t\t\t\t\t<img loading=\"lazy\" decoding=\"async\" width=\"950\" height=\"713\" src=\"https:\/\/virgendelremedioutiel.com\/wp-content\/uploads\/2022\/01\/entrada-1-1024x768.jpg\" class=\"attachment-large size-large wp-image-8032\" alt=\"\" srcset=\"https:\/\/virgendelremedioutiel.com\/wp-content\/uploads\/2022\/01\/entrada-1-1024x768.jpg 1024w, https:\/\/virgendelremedioutiel.com\/wp-content\/uploads\/2022\/01\/entrada-1-300x225.jpg 300w, https:\/\/virgendelremedioutiel.com\/wp-content\/uploads\/2022\/01\/entrada-1-768x576.jpg 768w, https:\/\/virgendelremedioutiel.com\/wp-content\/uploads\/2022\/01\/entrada-1-1536x1153.jpg 1536w, https:\/\/virgendelremedioutiel.com\/wp-content\/uploads\/2022\/01\/entrada-1-2048x1537.jpg 2048w, https:\/\/virgendelremedioutiel.com\/wp-content\/uploads\/2022\/01\/entrada-1-2000x1501.jpg 2000w\" sizes=\"100vw\" \/>\t\t\t\t\t\t\t\t\t\t\t\t\t<\/div>\n\t\t\t\t<\/div>\n\t\t\t\t\t<\/div>\n\t\t<\/div>\n\t\t\t\t\t<\/div>\n\t\t<\/section>\n\t\t\t\t<section class=\"elementor-section elementor-top-section elementor-element elementor-element-0329e27 elementor-section-boxed elementor-section-height-default elementor-section-height-default\" data-id=\"0329e27\" data-element_type=\"section\">\n\t\t\t\t\t\t<div class=\"elementor-container elementor-column-gap-default\">\n\t\t\t\t\t<div class=\"elementor-column elementor-col-100 elementor-top-column elementor-element elementor-element-897172d\" data-id=\"897172d\" data-element_type=\"column\">\n\t\t\t<div class=\"elementor-widget-wrap elementor-element-populated\">\n\t\t\t\t\t\t<div class=\"elementor-element elementor-element-97514c9 elementor-widget elementor-widget-heading\" data-id=\"97514c9\" data-element_type=\"widget\" data-widget_type=\"heading.default\">\n\t\t\t\t<div class=\"elementor-widget-container\">\n\t\t\t<h2 class=\"elementor-heading-title elementor-size-large\">Ma\u00f1ana del \u00faltimo domingo de octubre, \u201csubida\u201d al Santuario.<\/h2>\t\t<\/div>\n\t\t\t\t<\/div>\n\t\t\t\t\t<\/div>\n\t\t<\/div>\n\t\t\t\t\t<\/div>\n\t\t<\/section>\n\t\t\t\t<section class=\"elementor-section elementor-top-section elementor-element elementor-element-80c74a7 elementor-section-boxed elementor-section-height-default elementor-section-height-default\" data-id=\"80c74a7\" data-element_type=\"section\">\n\t\t\t\t\t\t<div class=\"elementor-container elementor-column-gap-default\">\n\t\t\t\t\t<div class=\"elementor-column elementor-col-100 elementor-top-column elementor-element elementor-element-e983e57\" data-id=\"e983e57\" data-element_type=\"column\">\n\t\t\t<div class=\"elementor-widget-wrap elementor-element-populated\">\n\t\t\t\t\t\t<div class=\"elementor-element elementor-element-c623779 elementor-widget elementor-widget-gallery\" data-id=\"c623779\" data-element_type=\"widget\" data-settings=\"{&quot;gallery_layout&quot;:&quot;justified&quot;,&quot;ideal_row_height&quot;:{&quot;unit&quot;:&quot;px&quot;,&quot;size&quot;:242,&quot;sizes&quot;:[]},&quot;overlay_title&quot;:&quot;title&quot;,&quot;lazyload&quot;:&quot;yes&quot;,&quot;ideal_row_height_tablet&quot;:{&quot;unit&quot;:&quot;px&quot;,&quot;size&quot;:150,&quot;sizes&quot;:[]},&quot;ideal_row_height_mobile&quot;:{&quot;unit&quot;:&quot;px&quot;,&quot;size&quot;:150,&quot;sizes&quot;:[]},&quot;gap&quot;:{&quot;unit&quot;:&quot;px&quot;,&quot;size&quot;:10,&quot;sizes&quot;:[]},&quot;gap_tablet&quot;:{&quot;unit&quot;:&quot;px&quot;,&quot;size&quot;:10,&quot;sizes&quot;:[]},&quot;gap_mobile&quot;:{&quot;unit&quot;:&quot;px&quot;,&quot;size&quot;:10,&quot;sizes&quot;:[]},&quot;link_to&quot;:&quot;file&quot;,&quot;overlay_background&quot;:&quot;yes&quot;,&quot;content_hover_animation&quot;:&quot;fade-in&quot;}\" data-widget_type=\"gallery.default\">\n\t\t\t\t<div class=\"elementor-widget-container\">\n\t\t\t\t\t<div class=\"elementor-gallery__container\">\n\t\t\t\t\t\t\t<a class=\"e-gallery-item elementor-gallery-item elementor-animated-content\" href=\"https:\/\/virgendelremedioutiel.com\/wp-content\/uploads\/2022\/01\/el-remedio-1.jpg\" data-elementor-open-lightbox=\"yes\" data-elementor-lightbox-slideshow=\"c623779\" data-elementor-lightbox-title=\"Romer\u00eda de Subida a\u00f1o 1933\" data-e-action-hash=\"#elementor-action%3Aaction%3Dlightbox%26settings%3DeyJpZCI6ODAzNCwidXJsIjoiaHR0cHM6XC9cL3ZpcmdlbmRlbHJlbWVkaW91dGllbC5jb21cL3dwLWNvbnRlbnRcL3VwbG9hZHNcLzIwMjJcLzAxXC9lbC1yZW1lZGlvLTEuanBnIiwic2xpZGVzaG93IjoiYzYyMzc3OSJ9\">\n\t\t\t\t\t<div class=\"e-gallery-image elementor-gallery-item__image\" data-thumbnail=\"https:\/\/virgendelremedioutiel.com\/wp-content\/uploads\/2022\/01\/el-remedio-1-1024x598.jpg\" data-width=\"950\" data-height=\"555\" aria-label=\"\" role=\"img\" ><\/div>\n\t\t\t\t\t\t\t\t\t\t\t<div class=\"elementor-gallery-item__overlay\"><\/div>\n\t\t\t\t\t\t\t\t\t\t\t\t\t\t\t<div class=\"elementor-gallery-item__content\">\n\t\t\t\t\t\t\t\t\t\t\t\t\t\t<div class=\"elementor-gallery-item__title\">\n\t\t\t\t\t\t\t\t\t\t\t\t\t\t\t\t\t\tRomer\u00eda de Subida a\u00f1o 1933\t\t\t\t\t\t\t\t<\/div>\n\t\t\t\t\t\t\t\t\t\t\t\t<\/div>\n\t\t\t\t\t\t\t\t\t<\/a>\n\t\t\t\t\t\t\t<a class=\"e-gallery-item elementor-gallery-item elementor-animated-content\" href=\"https:\/\/virgendelremedioutiel.com\/wp-content\/uploads\/2022\/01\/el-remedio-2.jpg\" data-elementor-open-lightbox=\"yes\" data-elementor-lightbox-slideshow=\"c623779\" data-elementor-lightbox-title=\"Romer\u00eda de Subida a\u00f1o 1933 (1)\" data-e-action-hash=\"#elementor-action%3Aaction%3Dlightbox%26settings%3DeyJpZCI6ODAzNSwidXJsIjoiaHR0cHM6XC9cL3ZpcmdlbmRlbHJlbWVkaW91dGllbC5jb21cL3dwLWNvbnRlbnRcL3VwbG9hZHNcLzIwMjJcLzAxXC9lbC1yZW1lZGlvLTIuanBnIiwic2xpZGVzaG93IjoiYzYyMzc3OSJ9\">\n\t\t\t\t\t<div class=\"e-gallery-image elementor-gallery-item__image\" data-thumbnail=\"https:\/\/virgendelremedioutiel.com\/wp-content\/uploads\/2022\/01\/el-remedio-2-1024x662.jpg\" data-width=\"950\" data-height=\"614\" aria-label=\"\" role=\"img\" ><\/div>\n\t\t\t\t\t\t\t\t\t\t\t<div class=\"elementor-gallery-item__overlay\"><\/div>\n\t\t\t\t\t\t\t\t\t\t\t\t\t\t\t<div class=\"elementor-gallery-item__content\">\n\t\t\t\t\t\t\t\t\t\t\t\t\t\t<div class=\"elementor-gallery-item__title\">\n\t\t\t\t\t\t\t\t\t\t\t\t\t\t\t\t\t\tRomer\u00eda de Subida a\u00f1o 1933 (1)\t\t\t\t\t\t\t\t<\/div>\n\t\t\t\t\t\t\t\t\t\t\t\t<\/div>\n\t\t\t\t\t\t\t\t\t<\/a>\n\t\t\t\t\t\t\t<a class=\"e-gallery-item elementor-gallery-item elementor-animated-content\" href=\"https:\/\/virgendelremedioutiel.com\/wp-content\/uploads\/2022\/01\/el-remedio-5.jpg\" data-elementor-open-lightbox=\"yes\" data-elementor-lightbox-slideshow=\"c623779\" data-elementor-lightbox-title=\"Romer\u00eda llegada al Santuario a\u00f1o 1933 (2)\" data-e-action-hash=\"#elementor-action%3Aaction%3Dlightbox%26settings%3DeyJpZCI6ODAzNywidXJsIjoiaHR0cHM6XC9cL3ZpcmdlbmRlbHJlbWVkaW91dGllbC5jb21cL3dwLWNvbnRlbnRcL3VwbG9hZHNcLzIwMjJcLzAxXC9lbC1yZW1lZGlvLTUuanBnIiwic2xpZGVzaG93IjoiYzYyMzc3OSJ9\">\n\t\t\t\t\t<div class=\"e-gallery-image elementor-gallery-item__image\" data-thumbnail=\"https:\/\/virgendelremedioutiel.com\/wp-content\/uploads\/2022\/01\/el-remedio-5-1024x693.jpg\" data-width=\"950\" data-height=\"643\" aria-label=\"\" role=\"img\" ><\/div>\n\t\t\t\t\t\t\t\t\t\t\t<div class=\"elementor-gallery-item__overlay\"><\/div>\n\t\t\t\t\t\t\t\t\t\t\t\t\t\t\t<div class=\"elementor-gallery-item__content\">\n\t\t\t\t\t\t\t\t\t\t\t\t\t\t<div class=\"elementor-gallery-item__title\">\n\t\t\t\t\t\t\t\t\t\t\t\t\t\t\t\t\t\tRomer\u00eda llegada al Santuario a\u00f1o 1933 (2)\t\t\t\t\t\t\t\t<\/div>\n\t\t\t\t\t\t\t\t\t\t\t\t<\/div>\n\t\t\t\t\t\t\t\t\t<\/a>\n\t\t\t\t\t\t\t<a class=\"e-gallery-item elementor-gallery-item elementor-animated-content\" href=\"https:\/\/virgendelremedioutiel.com\/wp-content\/uploads\/2022\/01\/el-remedio-3.jpg\" data-elementor-open-lightbox=\"yes\" data-elementor-lightbox-slideshow=\"c623779\" data-elementor-lightbox-title=\"Romer\u00eda de Subida a\u00f1o 1933 (3)\" data-e-action-hash=\"#elementor-action%3Aaction%3Dlightbox%26settings%3DeyJpZCI6ODAzNiwidXJsIjoiaHR0cHM6XC9cL3ZpcmdlbmRlbHJlbWVkaW91dGllbC5jb21cL3dwLWNvbnRlbnRcL3VwbG9hZHNcLzIwMjJcLzAxXC9lbC1yZW1lZGlvLTMuanBnIiwic2xpZGVzaG93IjoiYzYyMzc3OSJ9\">\n\t\t\t\t\t<div class=\"e-gallery-image elementor-gallery-item__image\" data-thumbnail=\"https:\/\/virgendelremedioutiel.com\/wp-content\/uploads\/2022\/01\/el-remedio-3-1024x677.jpg\" data-width=\"950\" data-height=\"628\" aria-label=\"\" role=\"img\" ><\/div>\n\t\t\t\t\t\t\t\t\t\t\t<div class=\"elementor-gallery-item__overlay\"><\/div>\n\t\t\t\t\t\t\t\t\t\t\t\t\t\t\t<div class=\"elementor-gallery-item__content\">\n\t\t\t\t\t\t\t\t\t\t\t\t\t\t<div class=\"elementor-gallery-item__title\">\n\t\t\t\t\t\t\t\t\t\t\t\t\t\t\t\t\t\tRomer\u00eda de Subida a\u00f1o 1933 (3)\t\t\t\t\t\t\t\t<\/div>\n\t\t\t\t\t\t\t\t\t\t\t\t<\/div>\n\t\t\t\t\t\t\t\t\t<\/a>\n\t\t\t\t\t<\/div>\n\t\t\t<\/div>\n\t\t\t\t<\/div>\n\t\t\t\t\t<\/div>\n\t\t<\/div>\n\t\t\t\t\t<\/div>\n\t\t<\/section>\n\t\t\t\t<section class=\"elementor-section elementor-top-section elementor-element elementor-element-25d828b elementor-section-boxed elementor-section-height-default elementor-section-height-default\" data-id=\"25d828b\" data-element_type=\"section\">\n\t\t\t\t\t\t<div class=\"elementor-container elementor-column-gap-default\">\n\t\t\t\t\t<div class=\"elementor-column elementor-col-100 elementor-top-column elementor-element elementor-element-d5b9fa3\" data-id=\"d5b9fa3\" data-element_type=\"column\">\n\t\t\t<div class=\"elementor-widget-wrap elementor-element-populated\">\n\t\t\t\t\t\t<div class=\"elementor-element elementor-element-673806e elementor-drop-cap-yes elementor-drop-cap-view-default elementor-widget elementor-widget-text-editor\" data-id=\"673806e\" data-element_type=\"widget\" data-settings=\"{&quot;drop_cap&quot;:&quot;yes&quot;}\" data-widget_type=\"text-editor.default\">\n\t\t\t\t<div class=\"elementor-widget-container\">\n\t\t\t\t\t\t\t<p>Llegada esta fecha entra\u00f1able y teniendo lugar, previamente, la celebraci\u00f3n de la Santa Misa comienza sobre las nueve horas de la ma\u00f1ana, la peregrinaci\u00f3n o romer\u00eda del \u201ctraslado\u201d, de \u201cla subida\u201d, con las secuencias que para la \u201cbajada\u201d hemos reflejado anteriormente. Ahora bien, con las particularidades de que, en esta \u201csubida\u201d no se utiliza el trono de plata; que la gente acude igualmente en gran n\u00famero a <em>La Mesilla <\/em>para \u201ddespedir\u201d a la Virgen; que esta romer\u00eda tiene un marcado car\u00e1cter de alegr\u00eda, de fiesta y que es bastante m\u00e1s multitudinaria, a\u00fan si cabe, que la del d\u00eda 6; con especial participaci\u00f3n de la juventud. Se repiten las mismas estaciones de descanso, con el canto de la Salve y otras plegarias, pero, obviamente, volviendo las andas hacia Utiel.<\/p>\t\t\t\t\t\t<\/div>\n\t\t\t\t<\/div>\n\t\t\t\t\t<\/div>\n\t\t<\/div>\n\t\t\t\t\t<\/div>\n\t\t<\/section>\n\t\t\t\t<section class=\"elementor-section elementor-top-section elementor-element elementor-element-c67fab4 elementor-section-boxed elementor-section-height-default elementor-section-height-default\" data-id=\"c67fab4\" data-element_type=\"section\">\n\t\t\t\t\t\t<div class=\"elementor-container elementor-column-gap-default\">\n\t\t\t\t\t<div class=\"elementor-column elementor-col-100 elementor-top-column elementor-element elementor-element-1874fed\" data-id=\"1874fed\" data-element_type=\"column\">\n\t\t\t<div class=\"elementor-widget-wrap elementor-element-populated\">\n\t\t\t\t\t\t<div class=\"elementor-element elementor-element-7ffc033 elementor-widget elementor-widget-spacer\" data-id=\"7ffc033\" data-element_type=\"widget\" data-widget_type=\"spacer.default\">\n\t\t\t\t<div class=\"elementor-widget-container\">\n\t\t\t\t\t<div class=\"elementor-spacer\">\n\t\t\t<div class=\"elementor-spacer-inner\"><\/div>\n\t\t<\/div>\n\t\t\t\t<\/div>\n\t\t\t\t<\/div>\n\t\t\t\t\t<\/div>\n\t\t<\/div>\n\t\t\t\t\t<\/div>\n\t\t<\/section>\n\t\t\t\t<section class=\"elementor-section elementor-top-section elementor-element elementor-element-a070cec elementor-section-full_width elementor-section-height-min-height elementor-section-stretched elementor-section-height-default elementor-section-items-middle\" data-id=\"a070cec\" data-element_type=\"section\" data-settings=\"{&quot;stretch_section&quot;:&quot;section-stretched&quot;,&quot;background_background&quot;:&quot;classic&quot;,&quot;background_motion_fx_motion_fx_scrolling&quot;:&quot;yes&quot;,&quot;background_motion_fx_scale_effect&quot;:&quot;yes&quot;,&quot;background_motion_fx_scale_direction&quot;:&quot;out-in-out&quot;,&quot;background_motion_fx_scale_speed&quot;:{&quot;unit&quot;:&quot;px&quot;,&quot;size&quot;:7,&quot;sizes&quot;:[]},&quot;background_motion_fx_scale_range&quot;:{&quot;unit&quot;:&quot;%&quot;,&quot;size&quot;:&quot;&quot;,&quot;sizes&quot;:{&quot;start&quot;:0,&quot;end&quot;:18}},&quot;background_motion_fx_devices&quot;:[&quot;desktop&quot;,&quot;tablet&quot;,&quot;mobile&quot;]}\">\n\t\t\t\t\t\t<div class=\"elementor-container elementor-column-gap-default\">\n\t\t\t\t\t<div class=\"elementor-column elementor-col-100 elementor-top-column elementor-element elementor-element-7ae48f0\" data-id=\"7ae48f0\" data-element_type=\"column\">\n\t\t\t<div class=\"elementor-widget-wrap\">\n\t\t\t\t\t\t\t<\/div>\n\t\t<\/div>\n\t\t\t\t\t<\/div>\n\t\t<\/section>\n\t\t\t\t<section class=\"elementor-section elementor-top-section elementor-element elementor-element-77caa67 elementor-section-boxed elementor-section-height-default elementor-section-height-default\" data-id=\"77caa67\" data-element_type=\"section\">\n\t\t\t\t\t\t<div class=\"elementor-container elementor-column-gap-default\">\n\t\t\t\t\t<div class=\"elementor-column elementor-col-100 elementor-top-column elementor-element elementor-element-0e063a0\" data-id=\"0e063a0\" data-element_type=\"column\">\n\t\t\t<div class=\"elementor-widget-wrap elementor-element-populated\">\n\t\t\t\t\t\t<div class=\"elementor-element elementor-element-3e70437 elementor-widget elementor-widget-spacer\" data-id=\"3e70437\" data-element_type=\"widget\" data-widget_type=\"spacer.default\">\n\t\t\t\t<div class=\"elementor-widget-container\">\n\t\t\t\t\t<div class=\"elementor-spacer\">\n\t\t\t<div class=\"elementor-spacer-inner\"><\/div>\n\t\t<\/div>\n\t\t\t\t<\/div>\n\t\t\t\t<\/div>\n\t\t\t\t\t<\/div>\n\t\t<\/div>\n\t\t\t\t\t<\/div>\n\t\t<\/section>\n\t\t\t\t<section class=\"elementor-section elementor-top-section elementor-element elementor-element-058c94c elementor-section-boxed elementor-section-height-default elementor-section-height-default\" data-id=\"058c94c\" data-element_type=\"section\">\n\t\t\t\t\t\t<div class=\"elementor-container elementor-column-gap-default\">\n\t\t\t\t\t<div class=\"elementor-column elementor-col-100 elementor-top-column elementor-element elementor-element-a7fdc79\" data-id=\"a7fdc79\" data-element_type=\"column\">\n\t\t\t<div class=\"elementor-widget-wrap elementor-element-populated\">\n\t\t\t\t\t\t<div class=\"elementor-element elementor-element-33cbf97 elementor-drop-cap-yes elementor-drop-cap-view-default elementor-widget elementor-widget-text-editor\" data-id=\"33cbf97\" data-element_type=\"widget\" data-settings=\"{&quot;drop_cap&quot;:&quot;yes&quot;}\" data-widget_type=\"text-editor.default\">\n\t\t\t\t<div class=\"elementor-widget-container\">\n\t\t\t\t\t\t\t<p>Sobre las doce del mediod\u00eda, la romer\u00eda, portando la Imagen Sagrada de Ntra. Sra. la Sant\u00edsima Virgen del Remedio, llega a las proximidades del Santuario, a la Cruz Gorda. Aqu\u00ed es recibida por la Cruz procesional y los \u201csantetes\u201d, (las peque\u00f1as im\u00e1genes de San Jos\u00e9 y de San Joaqu\u00edn y Santa Ana, el esposo y los padres de la Virgen) que la acompa\u00f1ar\u00e1n hasta su Camar\u00edn, donde permanecer\u00e1 hasta el pr\u00f3ximo 6 de septiembre. Una solemne celebraci\u00f3n eucar\u00edstica pone fin a tan entra\u00f1able jornada.<\/p>\t\t\t\t\t\t<\/div>\n\t\t\t\t<\/div>\n\t\t\t\t\t<\/div>\n\t\t<\/div>\n\t\t\t\t\t<\/div>\n\t\t<\/section>\n\t\t\t\t<section class=\"elementor-section elementor-top-section elementor-element elementor-element-75a884f elementor-section-boxed elementor-section-height-default elementor-section-height-default\" data-id=\"75a884f\" data-element_type=\"section\">\n\t\t\t\t\t\t<div class=\"elementor-container elementor-column-gap-default\">\n\t\t\t\t\t<div class=\"elementor-column elementor-col-100 elementor-top-column elementor-element elementor-element-7cdc5ac\" data-id=\"7cdc5ac\" data-element_type=\"column\">\n\t\t\t<div class=\"elementor-widget-wrap elementor-element-populated\">\n\t\t\t\t\t\t<div class=\"elementor-element elementor-element-69a7e12 elementor-widget elementor-widget-image\" data-id=\"69a7e12\" data-element_type=\"widget\" data-widget_type=\"image.default\">\n\t\t\t\t<div class=\"elementor-widget-container\">\n\t\t\t\t\t\t\t\t\t\t\t\t\t<img loading=\"lazy\" decoding=\"async\" width=\"950\" height=\"633\" src=\"https:\/\/virgendelremedioutiel.com\/wp-content\/uploads\/2022\/01\/subida-santuario-1024x682.jpg\" class=\"attachment-large size-large wp-image-7935\" alt=\"\" srcset=\"https:\/\/virgendelremedioutiel.com\/wp-content\/uploads\/2022\/01\/subida-santuario-1024x682.jpg 1024w, https:\/\/virgendelremedioutiel.com\/wp-content\/uploads\/2022\/01\/subida-santuario-300x200.jpg 300w, https:\/\/virgendelremedioutiel.com\/wp-content\/uploads\/2022\/01\/subida-santuario-768x511.jpg 768w, https:\/\/virgendelremedioutiel.com\/wp-content\/uploads\/2022\/01\/subida-santuario-1536x1022.jpg 1536w, https:\/\/virgendelremedioutiel.com\/wp-content\/uploads\/2022\/01\/subida-santuario.jpg 1573w\" sizes=\"100vw\" \/>\t\t\t\t\t\t\t\t\t\t\t\t\t<\/div>\n\t\t\t\t<\/div>\n\t\t\t\t\t<\/div>\n\t\t<\/div>\n\t\t\t\t\t<\/div>\n\t\t<\/section>\n\t\t\t\t<section class=\"elementor-section elementor-top-section elementor-element elementor-element-d870d89 elementor-section-boxed elementor-section-height-default elementor-section-height-default\" data-id=\"d870d89\" data-element_type=\"section\">\n\t\t\t\t\t\t<div class=\"elementor-container elementor-column-gap-default\">\n\t\t\t\t\t<div class=\"elementor-column elementor-col-100 elementor-top-column elementor-element elementor-element-b6499d6\" data-id=\"b6499d6\" data-element_type=\"column\">\n\t\t\t<div class=\"elementor-widget-wrap elementor-element-populated\">\n\t\t\t\t\t\t<div class=\"elementor-element elementor-element-44c1fe7 elementor-widget elementor-widget-text-editor\" data-id=\"44c1fe7\" data-element_type=\"widget\" data-widget_type=\"text-editor.default\">\n\t\t\t\t<div class=\"elementor-widget-container\">\n\t\t\t\t\t\t\t<p><em>&#8211; Ma\u00f1ana del \u00faltimo domingo de octubre, &#8220;subida&#8221; al Santuario. &#8211;<\/em><\/p>\t\t\t\t\t\t<\/div>\n\t\t\t\t<\/div>\n\t\t\t\t\t<\/div>\n\t\t<\/div>\n\t\t\t\t\t<\/div>\n\t\t<\/section>\n\t\t\t\t<section class=\"elementor-section elementor-top-section elementor-element elementor-element-e58adef elementor-section-boxed elementor-section-height-default elementor-section-height-default\" data-id=\"e58adef\" data-element_type=\"section\">\n\t\t\t\t\t\t<div class=\"elementor-container elementor-column-gap-default\">\n\t\t\t\t\t<div class=\"elementor-column elementor-col-100 elementor-top-column elementor-element elementor-element-c0e6b4c\" data-id=\"c0e6b4c\" data-element_type=\"column\">\n\t\t\t<div class=\"elementor-widget-wrap elementor-element-populated\">\n\t\t\t\t\t\t<div class=\"elementor-element elementor-element-4f374f4 elementor-widget elementor-widget-spacer\" data-id=\"4f374f4\" data-element_type=\"widget\" data-widget_type=\"spacer.default\">\n\t\t\t\t<div class=\"elementor-widget-container\">\n\t\t\t\t\t<div class=\"elementor-spacer\">\n\t\t\t<div class=\"elementor-spacer-inner\"><\/div>\n\t\t<\/div>\n\t\t\t\t<\/div>\n\t\t\t\t<\/div>\n\t\t\t\t\t<\/div>\n\t\t<\/div>\n\t\t\t\t\t<\/div>\n\t\t<\/section>\n\t\t\t\t<section class=\"elementor-section elementor-top-section elementor-element elementor-element-4c492d1 elementor-section-full_width elementor-section-height-min-height elementor-section-stretched elementor-section-height-default elementor-section-items-middle\" data-id=\"4c492d1\" data-element_type=\"section\" data-settings=\"{&quot;stretch_section&quot;:&quot;section-stretched&quot;,&quot;background_background&quot;:&quot;classic&quot;}\">\n\t\t\t\t\t\t<div class=\"elementor-container elementor-column-gap-default\">\n\t\t\t\t\t<div class=\"elementor-column elementor-col-100 elementor-top-column elementor-element elementor-element-e5b2caf\" data-id=\"e5b2caf\" data-element_type=\"column\">\n\t\t\t<div class=\"elementor-widget-wrap\">\n\t\t\t\t\t\t\t<\/div>\n\t\t<\/div>\n\t\t\t\t\t<\/div>\n\t\t<\/section>\n\t\t\t\t<\/div>\n\t\t","protected":false},"excerpt":{"rendered":"<p>Historia de la Devoci\u00f3n Arte e Iconograf\u00eda Capillas y Hornacinas Patronazgo y Coronaci\u00f3n Fiestas Patronales Mantos Cat\u00e1logo de Mantos Romer\u00edas A\u00f1o Santo Mariano La Romer\u00eda Tarde del 6 de septiembre, &#8220;bajada&#8221; a Utiel. A partir del a\u00f1o de 1651, con algunos par\u00e9ntesis debidos a las guerras de Sucesi\u00f3n, de la Independencia y Carlistas (que causaron &hellip; <\/p>\n<p class=\"link-more\"><a href=\"https:\/\/virgendelremedioutiel.com\/?page_id=7908\" class=\"more-link\">Leer m\u00e1s<span class=\"screen-reader-text\"> \u00abRomer\u00edas\u00bb<\/span><\/a><\/p>\n","protected":false},"author":1,"featured_media":375,"parent":0,"menu_order":0,"comment_status":"closed","ping_status":"closed","template":"","meta":{"footnotes":""},"class_list":["post-7908","page","type-page","status-publish","has-post-thumbnail","hentry"],"_links":{"self":[{"href":"https:\/\/virgendelremedioutiel.com\/index.php?rest_route=\/wp\/v2\/pages\/7908","targetHints":{"allow":["GET"]}}],"collection":[{"href":"https:\/\/virgendelremedioutiel.com\/index.php?rest_route=\/wp\/v2\/pages"}],"about":[{"href":"https:\/\/virgendelremedioutiel.com\/index.php?rest_route=\/wp\/v2\/types\/page"}],"author":[{"embeddable":true,"href":"https:\/\/virgendelremedioutiel.com\/index.php?rest_route=\/wp\/v2\/users\/1"}],"replies":[{"embeddable":true,"href":"https:\/\/virgendelremedioutiel.com\/index.php?rest_route=%2Fwp%2Fv2%2Fcomments&post=7908"}],"version-history":[{"count":278,"href":"https:\/\/virgendelremedioutiel.com\/index.php?rest_route=\/wp\/v2\/pages\/7908\/revisions"}],"predecessor-version":[{"id":10453,"href":"https:\/\/virgendelremedioutiel.com\/index.php?rest_route=\/wp\/v2\/pages\/7908\/revisions\/10453"}],"wp:featuredmedia":[{"embeddable":true,"href":"https:\/\/virgendelremedioutiel.com\/index.php?rest_route=\/wp\/v2\/media\/375"}],"wp:attachment":[{"href":"https:\/\/virgendelremedioutiel.com\/index.php?rest_route=%2Fwp%2Fv2%2Fmedia&parent=7908"}],"curies":[{"name":"wp","href":"https:\/\/api.w.org\/{rel}","templated":true}]}}